{"id":2581,"date":"2025-08-06T10:08:40","date_gmt":"2025-08-06T10:08:40","guid":{"rendered":"https:\/\/www.fancyfestival.com\/travelconsulting\/?page_id=2581"},"modified":"2025-08-07T10:27:20","modified_gmt":"2025-08-07T10:27:20","slug":"le-nostre-esperienze","status":"publish","type":"page","link":"https:\/\/www.fancyfestival.com\/travelconsulting\/le-nostre-esperienze\/","title":{"rendered":"Le nostre Esperienze"},"content":{"rendered":"\t\t<div data-elementor-type=\"wp-page\" data-elementor-id=\"2581\" class=\"elementor elementor-2581\">\n\t\t\t\t<div class=\"elementor-element elementor-element-4b50581 e-flex e-con-boxed e-con e-parent\" data-id=\"4b50581\" data-element_type=\"container\">\n\t\t\t\t\t<div class=\"e-con-inner\">\n\t\t\t\t<div class=\"elementor-element elementor-element-429f053 elementor-widget elementor-widget-heading\" data-id=\"429f053\" data-element_type=\"widget\" data-widget_type=\"heading.default\">\n\t\t\t\t\t<h2 class=\"elementor-heading-title elementor-size-default\">Le nostre Esperienze scelte per voi<\/h2>\t\t\t\t<\/div>\n\t\t\t\t\t<\/div>\n\t\t\t\t<\/div>\n\t\t<div class=\"elementor-element elementor-element-94f3851 e-flex e-con-boxed e-con e-parent\" data-id=\"94f3851\" data-element_type=\"container\" data-settings=\"{&quot;background_background&quot;:&quot;classic&quot;}\">\n\t\t\t\t\t<div class=\"e-con-inner\">\n\t\t<div class=\"elementor-element elementor-element-3b2d8dc e-con-full e-flex e-con e-child\" data-id=\"3b2d8dc\" data-element_type=\"container\">\n\t\t\t\t<div class=\"elementor-element elementor-element-d517299 elementor-widget elementor-widget-video\" data-id=\"d517299\" data-element_type=\"widget\" data-settings=\"{&quot;youtube_url&quot;:&quot;https:\\\/\\\/www.youtube.com\\\/watch?v=Jejl47uM_-Y&quot;,&quot;video_type&quot;:&quot;youtube&quot;,&quot;controls&quot;:&quot;yes&quot;}\" data-widget_type=\"video.default\">\n\t\t\t\t\t\t\t<div class=\"elementor-wrapper elementor-open-inline\">\n\t\t\t<div class=\"elementor-video\"><\/div>\t\t<\/div>\n\t\t\t\t\t\t<\/div>\n\t\t\t\t<\/div>\n\t\t<div class=\"elementor-element elementor-element-5386f3f e-con-full e-flex e-con e-child\" data-id=\"5386f3f\" data-element_type=\"container\">\n\t\t<div class=\"elementor-element elementor-element-5ded782 e-con-full e-flex e-con e-child\" data-id=\"5ded782\" data-element_type=\"container\">\n\t\t\t\t<div class=\"elementor-element elementor-element-128c398 elementor-widget elementor-widget-heading\" data-id=\"128c398\" data-element_type=\"widget\" data-widget_type=\"heading.default\">\n\t\t\t\t\t<h2 class=\"elementor-heading-title elementor-size-default\">In evidenza<\/h2>\t\t\t\t<\/div>\n\t\t\t\t<div class=\"elementor-element elementor-element-4a92280 elementor-widget elementor-widget-text-editor\" data-id=\"4a92280\" data-element_type=\"widget\" data-widget_type=\"text-editor.default\">\n\t\t\t\t\t\t\t\t\t<p>Ovada city of Shadow<\/p>\t\t\t\t\t\t\t\t<\/div>\n\t\t\t\t<div class=\"elementor-element elementor-element-8d2afdb elementor-button-default elementor-widget elementor-widget-button\" data-id=\"8d2afdb\" data-element_type=\"widget\" data-widget_type=\"button.default\">\n\t\t\t\t\t\t\t\t\t\t<a class=\"elementor-button elementor-button-link elementor-size-sm\" href=\"\/prenota\">\n\t\t\t\t\t\t<span class=\"elementor-button-content-wrapper\">\n\t\t\t\t\t\t<span class=\"elementor-button-icon\">\n\t\t\t\t<i aria-hidden=\"true\" class=\"recrutie-icon- recrutie-icon-arrow-up-right-1\"><\/i>\t\t\t<\/span>\n\t\t\t\t\t\t\t\t\t<span class=\"elementor-button-text\">Prenota<\/span>\n\t\t\t\t\t<\/span>\n\t\t\t\t\t<\/a>\n\t\t\t\t\t\t\t\t<\/div>\n\t\t\t\t<\/div>\n\t\t\t\t<\/div>\n\t\t\t\t\t<\/div>\n\t\t\t\t<\/div>\n\t\t<div class=\"elementor-element elementor-element-5182c1b e-flex e-con-boxed e-con e-parent\" data-id=\"5182c1b\" data-element_type=\"container\" data-settings=\"{&quot;background_background&quot;:&quot;classic&quot;}\">\n\t\t\t\t\t<div class=\"e-con-inner\">\n\t\t<div class=\"elementor-element elementor-element-4d1c774 e-con-full e-flex e-con e-child\" data-id=\"4d1c774\" data-element_type=\"container\" data-settings=\"{&quot;background_background&quot;:&quot;classic&quot;}\">\n\t\t\t\t<\/div>\n\t\t<div class=\"elementor-element elementor-element-0b8186f e-con-full e-flex e-con e-child\" data-id=\"0b8186f\" data-element_type=\"container\">\n\t\t<div class=\"elementor-element elementor-element-1e7c331 e-con-full e-flex e-con e-child\" data-id=\"1e7c331\" data-element_type=\"container\">\n\t\t\t\t<div class=\"elementor-element elementor-element-2d22564 elementor-widget elementor-widget-heading\" data-id=\"2d22564\" data-element_type=\"widget\" data-widget_type=\"heading.default\">\n\t\t\t\t\t<h2 class=\"elementor-heading-title elementor-size-default\">Maneggio<\/h2>\t\t\t\t<\/div>\n\t\t\t\t<div class=\"elementor-element elementor-element-f873ade elementor-widget elementor-widget-text-editor\" data-id=\"f873ade\" data-element_type=\"widget\" data-widget_type=\"text-editor.default\">\n\t\t\t\t\t\t\t\t\t<p>C\/o struttura sita a 40 min di distanza dalle strutture. Possibilita&#8217; di raggiungere il maneggio con mezzi propri o attraverso i servizi di trasferimento (vedi prima).\u200b<\/p><p>Messa in sella, monta weestern, passeggiate trekking per adulti e bambini.<\/p><p><strong>\u200bDurata:<\/strong><\/p><ul><li>1h,<\/li><li>full day (consigliato solo ad esperti) brunch incluso.<\/li><\/ul><h6>Prezzi a partire da <strong>55\u20ac<\/strong><\/h6>\t\t\t\t\t\t\t\t<\/div>\n\t\t\t\t<div class=\"elementor-element elementor-element-b9b3568 elementor-button-default elementor-widget elementor-widget-button\" data-id=\"b9b3568\" data-element_type=\"widget\" data-widget_type=\"button.default\">\n\t\t\t\t\t\t\t\t\t\t<a class=\"elementor-button elementor-button-link elementor-size-sm\" href=\"\/prenota\">\n\t\t\t\t\t\t<span class=\"elementor-button-content-wrapper\">\n\t\t\t\t\t\t<span class=\"elementor-button-icon\">\n\t\t\t\t<i aria-hidden=\"true\" class=\"recrutie-icon- recrutie-icon-arrow-up-right-1\"><\/i>\t\t\t<\/span>\n\t\t\t\t\t\t\t\t\t<span class=\"elementor-button-text\">Prenota<\/span>\n\t\t\t\t\t<\/span>\n\t\t\t\t\t<\/a>\n\t\t\t\t\t\t\t\t<\/div>\n\t\t\t\t<\/div>\n\t\t\t\t<\/div>\n\t\t\t\t\t<\/div>\n\t\t\t\t<\/div>\n\t\t<div class=\"elementor-element elementor-element-7e079b1 e-flex e-con-boxed e-con e-parent\" data-id=\"7e079b1\" data-element_type=\"container\" data-settings=\"{&quot;background_background&quot;:&quot;classic&quot;}\">\n\t\t\t\t\t<div class=\"e-con-inner\">\n\t\t<div class=\"elementor-element elementor-element-dc21ead e-con-full e-flex e-con e-child\" data-id=\"dc21ead\" data-element_type=\"container\" data-settings=\"{&quot;background_background&quot;:&quot;classic&quot;}\">\n\t\t\t\t<\/div>\n\t\t<div class=\"elementor-element elementor-element-bc57743 e-con-full e-flex e-con e-child\" data-id=\"bc57743\" data-element_type=\"container\">\n\t\t<div class=\"elementor-element elementor-element-0f63c6d e-con-full e-flex e-con e-child\" data-id=\"0f63c6d\" data-element_type=\"container\">\n\t\t\t\t<div class=\"elementor-element elementor-element-7596f18 elementor-widget elementor-widget-heading\" data-id=\"7596f18\" data-element_type=\"widget\" data-widget_type=\"heading.default\">\n\t\t\t\t\t<h2 class=\"elementor-heading-title elementor-size-default\">Noleggio e-bike<\/h2>\t\t\t\t<\/div>\n\t\t\t\t<div class=\"elementor-element elementor-element-84cdebf elementor-widget elementor-widget-text-editor\" data-id=\"84cdebf\" data-element_type=\"widget\" data-widget_type=\"text-editor.default\">\n\t\t\t\t\t\t\t\t\t<p>Presa e rilascio ad ovada , su richiesta anche c\/o struttura :<\/p><ul><li>noleggio 1\/2 giornata<\/li><li>noleggio giornata intera<\/li><li>deposito cauzionale 250\u20ac a bici<\/li><li>itinerari forniti in lingua italiana\/inglese<\/li><\/ul><h6>Prezzi a partire da 4<strong>5\u20ac<\/strong><\/h6>\t\t\t\t\t\t\t\t<\/div>\n\t\t\t\t<div class=\"elementor-element elementor-element-19d69bd elementor-button-default elementor-widget elementor-widget-button\" data-id=\"19d69bd\" data-element_type=\"widget\" data-widget_type=\"button.default\">\n\t\t\t\t\t\t\t\t\t\t<a class=\"elementor-button elementor-button-link elementor-size-sm\" href=\"\/prenota\">\n\t\t\t\t\t\t<span class=\"elementor-button-content-wrapper\">\n\t\t\t\t\t\t<span class=\"elementor-button-icon\">\n\t\t\t\t<i aria-hidden=\"true\" class=\"recrutie-icon- recrutie-icon-arrow-up-right-1\"><\/i>\t\t\t<\/span>\n\t\t\t\t\t\t\t\t\t<span class=\"elementor-button-text\">Prenota<\/span>\n\t\t\t\t\t<\/span>\n\t\t\t\t\t<\/a>\n\t\t\t\t\t\t\t\t<\/div>\n\t\t\t\t<\/div>\n\t\t\t\t<\/div>\n\t\t\t\t\t<\/div>\n\t\t\t\t<\/div>\n\t\t<div class=\"elementor-element elementor-element-6579081 e-flex e-con-boxed e-con e-parent\" data-id=\"6579081\" data-element_type=\"container\" data-settings=\"{&quot;background_background&quot;:&quot;classic&quot;}\">\n\t\t\t\t\t<div class=\"e-con-inner\">\n\t\t<div class=\"elementor-element elementor-element-bb4228a e-con-full e-flex e-con e-child\" data-id=\"bb4228a\" data-element_type=\"container\" data-settings=\"{&quot;background_background&quot;:&quot;classic&quot;}\">\n\t\t\t\t<\/div>\n\t\t<div class=\"elementor-element elementor-element-abf114e e-con-full e-flex e-con e-child\" data-id=\"abf114e\" data-element_type=\"container\">\n\t\t<div class=\"elementor-element elementor-element-afb6457 e-con-full e-flex e-con e-child\" data-id=\"afb6457\" data-element_type=\"container\">\n\t\t\t\t<div class=\"elementor-element elementor-element-3630966 elementor-widget elementor-widget-heading\" data-id=\"3630966\" data-element_type=\"widget\" data-widget_type=\"heading.default\">\n\t\t\t\t\t<h2 class=\"elementor-heading-title elementor-size-default\">Caccia al tartufo<\/h2>\t\t\t\t<\/div>\n\t\t\t\t<div class=\"elementor-element elementor-element-c9bccca elementor-widget elementor-widget-text-editor\" data-id=\"c9bccca\" data-element_type=\"widget\" data-widget_type=\"text-editor.default\">\n\t\t\t\t\t\t\t\t\t<p>In riserva privata alle porte della langa astigiana<\/p><p><strong>Max 6 persone<\/strong><\/p><p>Degustazione finale con tagliere di salumi e formaggi, focaccia e grissini in accompagnamento a vino di produzione locale.<\/p><p>Il &#8220;trifolau&#8221; ed il suo fedele compagno vi accompagneranno attraverso un percorso tra boschi e prati, a bordo di un laghetto naturale.<\/p><h6>Prezzi a partire da 110<strong>\u20ac<\/strong><\/h6>\t\t\t\t\t\t\t\t<\/div>\n\t\t\t\t<div class=\"elementor-element elementor-element-f79b261 elementor-button-default elementor-widget elementor-widget-button\" data-id=\"f79b261\" data-element_type=\"widget\" data-widget_type=\"button.default\">\n\t\t\t\t\t\t\t\t\t\t<a class=\"elementor-button elementor-button-link elementor-size-sm\" href=\"\/prenota\">\n\t\t\t\t\t\t<span class=\"elementor-button-content-wrapper\">\n\t\t\t\t\t\t<span class=\"elementor-button-icon\">\n\t\t\t\t<i aria-hidden=\"true\" class=\"recrutie-icon- recrutie-icon-arrow-up-right-1\"><\/i>\t\t\t<\/span>\n\t\t\t\t\t\t\t\t\t<span class=\"elementor-button-text\">Prenota<\/span>\n\t\t\t\t\t<\/span>\n\t\t\t\t\t<\/a>\n\t\t\t\t\t\t\t\t<\/div>\n\t\t\t\t<\/div>\n\t\t\t\t<\/div>\n\t\t\t\t\t<\/div>\n\t\t\t\t<\/div>\n\t\t<div class=\"elementor-element elementor-element-8bcb389 e-flex e-con-boxed e-con e-parent\" data-id=\"8bcb389\" data-element_type=\"container\" data-settings=\"{&quot;background_background&quot;:&quot;classic&quot;}\">\n\t\t\t\t\t<div class=\"e-con-inner\">\n\t\t<div class=\"elementor-element elementor-element-446e6e2 e-con-full e-flex e-con e-child\" data-id=\"446e6e2\" data-element_type=\"container\" data-settings=\"{&quot;background_background&quot;:&quot;classic&quot;}\">\n\t\t\t\t<\/div>\n\t\t<div class=\"elementor-element elementor-element-95fabcb e-con-full e-flex e-con e-child\" data-id=\"95fabcb\" data-element_type=\"container\">\n\t\t<div class=\"elementor-element elementor-element-66d2b96 e-con-full e-flex e-con e-child\" data-id=\"66d2b96\" data-element_type=\"container\">\n\t\t\t\t<div class=\"elementor-element elementor-element-d3e3304 elementor-widget elementor-widget-heading\" data-id=\"d3e3304\" data-element_type=\"widget\" data-widget_type=\"heading.default\">\n\t\t\t\t\t<h2 class=\"elementor-heading-title elementor-size-default\">Tartufo &amp; storia<\/h2>\t\t\t\t<\/div>\n\t\t\t\t<div class=\"elementor-element elementor-element-92e0da4 elementor-widget elementor-widget-text-editor\" data-id=\"92e0da4\" data-element_type=\"widget\" data-widget_type=\"text-editor.default\">\n\t\t\t\t\t\t\t\t\t<p>A Vignale Monferrato esperienza che abbina visita cantina storica ed infernot + caccia al tartufo attraversando i vigneti ed i noccioleti di proprieta\u2019, <strong>durata 2 ore.<\/strong><\/p><p>Dopodiche\u2019 wine tasting con 3 calici, salumi, formaggi locali e bruschette, natura, storia, cibo e buon vino per una giornata indimenticabile.<\/p><h6>Prezzi a partire da 130<strong>\u20ac<\/strong><\/h6>\t\t\t\t\t\t\t\t<\/div>\n\t\t\t\t<div class=\"elementor-element elementor-element-30337ee elementor-button-default elementor-widget elementor-widget-button\" data-id=\"30337ee\" data-element_type=\"widget\" data-widget_type=\"button.default\">\n\t\t\t\t\t\t\t\t\t\t<a class=\"elementor-button elementor-button-link elementor-size-sm\" href=\"\/prenota\">\n\t\t\t\t\t\t<span class=\"elementor-button-content-wrapper\">\n\t\t\t\t\t\t<span class=\"elementor-button-icon\">\n\t\t\t\t<i aria-hidden=\"true\" class=\"recrutie-icon- recrutie-icon-arrow-up-right-1\"><\/i>\t\t\t<\/span>\n\t\t\t\t\t\t\t\t\t<span class=\"elementor-button-text\">Prenota<\/span>\n\t\t\t\t\t<\/span>\n\t\t\t\t\t<\/a>\n\t\t\t\t\t\t\t\t<\/div>\n\t\t\t\t<\/div>\n\t\t\t\t<\/div>\n\t\t\t\t\t<\/div>\n\t\t\t\t<\/div>\n\t\t<div class=\"elementor-element elementor-element-22da653 e-flex e-con-boxed e-con e-parent\" data-id=\"22da653\" data-element_type=\"container\" data-settings=\"{&quot;background_background&quot;:&quot;classic&quot;}\">\n\t\t\t\t\t<div class=\"e-con-inner\">\n\t\t<div class=\"elementor-element elementor-element-2e60999 e-con-full e-flex e-con e-child\" data-id=\"2e60999\" data-element_type=\"container\" data-settings=\"{&quot;background_background&quot;:&quot;classic&quot;}\">\n\t\t\t\t<\/div>\n\t\t<div class=\"elementor-element elementor-element-26b6161 e-con-full e-flex e-con e-child\" data-id=\"26b6161\" data-element_type=\"container\">\n\t\t<div class=\"elementor-element elementor-element-b55e7c9 e-con-full e-flex e-con e-child\" data-id=\"b55e7c9\" data-element_type=\"container\">\n\t\t\t\t<div class=\"elementor-element elementor-element-82e6882 elementor-widget elementor-widget-heading\" data-id=\"82e6882\" data-element_type=\"widget\" data-widget_type=\"heading.default\">\n\t\t\t\t\t<h2 class=\"elementor-heading-title elementor-size-default\">Storia &amp; terme<\/h2>\t\t\t\t<\/div>\n\t\t\t\t<div class=\"elementor-element elementor-element-dbe5e7d elementor-widget elementor-widget-text-editor\" data-id=\"dbe5e7d\" data-element_type=\"widget\" data-widget_type=\"text-editor.default\">\n\t\t\t\t\t\t\t\t\t<p><strong>Half day\/ Full day\u200b<\/strong><\/p><p>Famosa per le sue acque sulfuree che sgorgano in centro citta&#8217; con una temperatura di 75,5 \u00b0c una piacevole passeggiata vi condurr\u00e0 alla scoperta della citt\u00e0 per le vie del centro\u200b.<\/p><p>Partiremo dai resti risalenti all&#8217;epoca romana, come le rovine dell&#8217;imponente acquedotto, fino al museo archeologico che racchiude una importante collezione di reperti dalla pi\u00f9 remota antichit\u00e0 fino alle soglie dell&#8217;epoca moderna.<\/p><p>Tappa obbligata alla Bollente, un&#8217;edicola marmorea oggi simbolo della citt\u00e0, piazza Italia con la scenografica fontana delle ninfee ed il maestoso grand hotel nuove terme il suo caf\u00e8 avvolto da un&#8217;atmosfera liberty.<\/p><p>Per chi effettua la <strong>Full Day:<\/strong> mattino visita di Acqui , pranzo a Canelli presso il ristorantino N&#8217;Ca D&#8217;Basan e pomeriggio dedicato alla spa presso struttura ad Agliano terme (15 min da Canelli).<\/p><h6>Prezzi a partire da 2<strong>5\u20ac<\/strong><\/h6>\t\t\t\t\t\t\t\t<\/div>\n\t\t\t\t<div class=\"elementor-element elementor-element-c8db4f2 elementor-button-default elementor-widget elementor-widget-button\" data-id=\"c8db4f2\" data-element_type=\"widget\" data-widget_type=\"button.default\">\n\t\t\t\t\t\t\t\t\t\t<a class=\"elementor-button elementor-button-link elementor-size-sm\" href=\"\/prenota\">\n\t\t\t\t\t\t<span class=\"elementor-button-content-wrapper\">\n\t\t\t\t\t\t<span class=\"elementor-button-icon\">\n\t\t\t\t<i aria-hidden=\"true\" class=\"recrutie-icon- recrutie-icon-arrow-up-right-1\"><\/i>\t\t\t<\/span>\n\t\t\t\t\t\t\t\t\t<span class=\"elementor-button-text\">Prenota<\/span>\n\t\t\t\t\t<\/span>\n\t\t\t\t\t<\/a>\n\t\t\t\t\t\t\t\t<\/div>\n\t\t\t\t<\/div>\n\t\t\t\t<\/div>\n\t\t\t\t\t<\/div>\n\t\t\t\t<\/div>\n\t\t<div class=\"elementor-element elementor-element-2d62bae e-flex e-con-boxed e-con e-parent\" data-id=\"2d62bae\" data-element_type=\"container\" data-settings=\"{&quot;background_background&quot;:&quot;classic&quot;}\">\n\t\t\t\t\t<div class=\"e-con-inner\">\n\t\t<div class=\"elementor-element elementor-element-944878f e-con-full e-flex e-con e-child\" data-id=\"944878f\" data-element_type=\"container\" data-settings=\"{&quot;background_background&quot;:&quot;classic&quot;}\">\n\t\t\t\t<\/div>\n\t\t<div class=\"elementor-element elementor-element-814e133 e-con-full e-flex e-con e-child\" data-id=\"814e133\" data-element_type=\"container\">\n\t\t<div class=\"elementor-element elementor-element-682198f e-con-full e-flex e-con e-child\" data-id=\"682198f\" data-element_type=\"container\">\n\t\t\t\t<div class=\"elementor-element elementor-element-5bcb8f6 elementor-widget elementor-widget-heading\" data-id=\"5bcb8f6\" data-element_type=\"widget\" data-widget_type=\"heading.default\">\n\t\t\t\t\t<h2 class=\"elementor-heading-title elementor-size-default\">Basso Monferrato tra natura e gusto <\/h2>\t\t\t\t<\/div>\n\t\t\t\t<div class=\"elementor-element elementor-element-ab98293 elementor-widget elementor-widget-text-editor\" data-id=\"ab98293\" data-element_type=\"widget\" data-widget_type=\"text-editor.default\">\n\t\t\t\t\t\t\t\t\t<p>Una giornata a Vignale Monferrato, alla scoperta di questo territorio, patrimonio dell\u2019Unesco, a bordo di un quad! Il ritrovo e\u2019 presso una famosa cantina, partenza per un percorso in quod della durata di 2 ore attraverso vigneti e noccioleti, strade sterrate e boschi; al termine, visita della cantina e del suo antichissimo Infernot e degustazione di vini di produzione propria, con tagliere di salumi e formaggi, grissini e pane fatto in casa.<\/p><p>Per chi volesse terminare la giornata, possibilit\u00e0 di caccia al tartufo accompagnati dal trifolau e dal suo fedele amico a quattro zampe.<\/p><h6>Prezzi a partire da 13<strong>5\u20ac<\/strong><\/h6>\t\t\t\t\t\t\t\t<\/div>\n\t\t\t\t<div class=\"elementor-element elementor-element-3fd4999 elementor-button-default elementor-widget elementor-widget-button\" data-id=\"3fd4999\" data-element_type=\"widget\" data-widget_type=\"button.default\">\n\t\t\t\t\t\t\t\t\t\t<a class=\"elementor-button elementor-button-link elementor-size-sm\" href=\"\/prenota\">\n\t\t\t\t\t\t<span class=\"elementor-button-content-wrapper\">\n\t\t\t\t\t\t<span class=\"elementor-button-icon\">\n\t\t\t\t<i aria-hidden=\"true\" class=\"recrutie-icon- recrutie-icon-arrow-up-right-1\"><\/i>\t\t\t<\/span>\n\t\t\t\t\t\t\t\t\t<span class=\"elementor-button-text\">Prenota<\/span>\n\t\t\t\t\t<\/span>\n\t\t\t\t\t<\/a>\n\t\t\t\t\t\t\t\t<\/div>\n\t\t\t\t<\/div>\n\t\t\t\t<\/div>\n\t\t\t\t\t<\/div>\n\t\t\t\t<\/div>\n\t\t<div class=\"elementor-element elementor-element-7efe550 e-flex e-con-boxed e-con e-parent\" data-id=\"7efe550\" data-element_type=\"container\" data-settings=\"{&quot;background_background&quot;:&quot;classic&quot;}\">\n\t\t\t\t\t<div class=\"e-con-inner\">\n\t\t<div class=\"elementor-element elementor-element-965f89a e-con-full e-flex e-con e-child\" data-id=\"965f89a\" data-element_type=\"container\" data-settings=\"{&quot;background_background&quot;:&quot;classic&quot;}\">\n\t\t\t\t<\/div>\n\t\t<div class=\"elementor-element elementor-element-144711f e-con-full e-flex e-con e-child\" data-id=\"144711f\" data-element_type=\"container\">\n\t\t<div class=\"elementor-element elementor-element-bad7ec7 e-con-full e-flex e-con e-child\" data-id=\"bad7ec7\" data-element_type=\"container\">\n\t\t\t\t<div class=\"elementor-element elementor-element-ceb3e0c elementor-widget elementor-widget-heading\" data-id=\"ceb3e0c\" data-element_type=\"widget\" data-widget_type=\"heading.default\">\n\t\t\t\t\t<h2 class=\"elementor-heading-title elementor-size-default\">Bagno di foresta<\/h2>\t\t\t\t<\/div>\n\t\t\t\t<div class=\"elementor-element elementor-element-acc8d9b elementor-widget elementor-widget-text-editor\" data-id=\"acc8d9b\" data-element_type=\"widget\" data-widget_type=\"text-editor.default\">\n\t\t\t\t\t\t\t\t\t<p>Una giornata dedicata al relax, fuori dal traffico cittadino, per raggiungere la giusta connessione tra mente e corpo; l\u2019appuntamento \u00e8 fissato in una location da sogno, con piscina e lago privato, circondato da piante secolari, nel silenzio pi\u00f9 assoluto; dopo un piccolo briefing ci si sposter\u00e0, con la vostra coach, lungo un percorso sensoriale, adatto a tutti.<\/p><p>A fine esperienza cocktail dell\u2019arrivederci con tagliere di salumi e formaggi e vini locali in accompagnamento. La stessa esperienza pu\u00f2 essere effettuata, solo in estate, a breve distanza, immersi in un bosco fitto con sentieri segnati, dove al termine troverete il vostro pic nic lunch da gustare sul prato ombreggiato. Esperienza rigenerante a contatto con la natura<\/p><h6>Prezzi a partire da 40<strong>\u20ac<\/strong><\/h6>\t\t\t\t\t\t\t\t<\/div>\n\t\t\t\t<div class=\"elementor-element elementor-element-a8722f9 elementor-button-default elementor-widget elementor-widget-button\" data-id=\"a8722f9\" data-element_type=\"widget\" data-widget_type=\"button.default\">\n\t\t\t\t\t\t\t\t\t\t<a class=\"elementor-button elementor-button-link elementor-size-sm\" href=\"\/prenota\">\n\t\t\t\t\t\t<span class=\"elementor-button-content-wrapper\">\n\t\t\t\t\t\t<span class=\"elementor-button-icon\">\n\t\t\t\t<i aria-hidden=\"true\" class=\"recrutie-icon- recrutie-icon-arrow-up-right-1\"><\/i>\t\t\t<\/span>\n\t\t\t\t\t\t\t\t\t<span class=\"elementor-button-text\">Prenota<\/span>\n\t\t\t\t\t<\/span>\n\t\t\t\t\t<\/a>\n\t\t\t\t\t\t\t\t<\/div>\n\t\t\t\t<\/div>\n\t\t\t\t<\/div>\n\t\t\t\t\t<\/div>\n\t\t\t\t<\/div>\n\t\t<div class=\"elementor-element elementor-element-72b9f01 e-flex e-con-boxed e-con e-parent\" data-id=\"72b9f01\" data-element_type=\"container\" data-settings=\"{&quot;background_background&quot;:&quot;classic&quot;}\">\n\t\t\t\t\t<div class=\"e-con-inner\">\n\t\t<div class=\"elementor-element elementor-element-9213f0e e-con-full e-flex e-con e-child\" data-id=\"9213f0e\" data-element_type=\"container\" data-settings=\"{&quot;background_background&quot;:&quot;classic&quot;}\">\n\t\t\t\t<\/div>\n\t\t<div class=\"elementor-element elementor-element-3534ffa e-con-full e-flex e-con e-child\" data-id=\"3534ffa\" data-element_type=\"container\">\n\t\t<div class=\"elementor-element elementor-element-3b8c3b3 e-con-full e-flex e-con e-child\" data-id=\"3b8c3b3\" data-element_type=\"container\">\n\t\t\t\t<div class=\"elementor-element elementor-element-25d81c5 elementor-widget elementor-widget-heading\" data-id=\"25d81c5\" data-element_type=\"widget\" data-widget_type=\"heading.default\">\n\t\t\t\t\t<h2 class=\"elementor-heading-title elementor-size-default\">Degustazione in castello medievale<\/h2>\t\t\t\t<\/div>\n\t\t\t\t<div class=\"elementor-element elementor-element-5a04808 elementor-widget elementor-widget-text-editor\" data-id=\"5a04808\" data-element_type=\"widget\" data-widget_type=\"text-editor.default\">\n\t\t\t\t\t\t\t\t\t<p>Visita guidata al Castello, ancora oggi abitato dalla famiglia nobiliare che, con estrema cura, mantiene viva questa antichissima dimora con la sua Torre Millenaria, La Bigattiera, Il Giardino Segreto e l\u2019antico borgo; degustazione finale in Cantina di propriet\u00e0 interna con 5 calici in abbinamento a focaccia e grissini.<\/p><h6>Prezzi a partire da 3<strong>5\u20ac<\/strong><\/h6>\t\t\t\t\t\t\t\t<\/div>\n\t\t\t\t<div class=\"elementor-element elementor-element-9b3b4dc elementor-button-default elementor-widget elementor-widget-button\" data-id=\"9b3b4dc\" data-element_type=\"widget\" data-widget_type=\"button.default\">\n\t\t\t\t\t\t\t\t\t\t<a class=\"elementor-button elementor-button-link elementor-size-sm\" href=\"\/prenota\">\n\t\t\t\t\t\t<span class=\"elementor-button-content-wrapper\">\n\t\t\t\t\t\t<span class=\"elementor-button-icon\">\n\t\t\t\t<i aria-hidden=\"true\" class=\"recrutie-icon- recrutie-icon-arrow-up-right-1\"><\/i>\t\t\t<\/span>\n\t\t\t\t\t\t\t\t\t<span class=\"elementor-button-text\">Prenota<\/span>\n\t\t\t\t\t<\/span>\n\t\t\t\t\t<\/a>\n\t\t\t\t\t\t\t\t<\/div>\n\t\t\t\t<\/div>\n\t\t\t\t<\/div>\n\t\t\t\t\t<\/div>\n\t\t\t\t<\/div>\n\t\t<div class=\"elementor-element elementor-element-5da19a6 e-flex e-con-boxed e-con e-parent\" data-id=\"5da19a6\" data-element_type=\"container\" data-settings=\"{&quot;background_background&quot;:&quot;classic&quot;}\">\n\t\t\t\t\t<div class=\"e-con-inner\">\n\t\t<div class=\"elementor-element elementor-element-bb000ce e-con-full e-flex e-con e-child\" data-id=\"bb000ce\" data-element_type=\"container\" data-settings=\"{&quot;background_background&quot;:&quot;classic&quot;}\">\n\t\t\t\t<\/div>\n\t\t<div class=\"elementor-element elementor-element-e8cfb81 e-con-full e-flex e-con e-child\" data-id=\"e8cfb81\" data-element_type=\"container\">\n\t\t<div class=\"elementor-element elementor-element-eb29597 e-con-full e-flex e-con e-child\" data-id=\"eb29597\" data-element_type=\"container\">\n\t\t\t\t<div class=\"elementor-element elementor-element-89037b1 elementor-widget elementor-widget-heading\" data-id=\"89037b1\" data-element_type=\"widget\" data-widget_type=\"heading.default\">\n\t\t\t\t\t<h2 class=\"elementor-heading-title elementor-size-default\">Ovada e castelli<\/h2>\t\t\t\t<\/div>\n\t\t\t\t<div class=\"elementor-element elementor-element-e1fcb70 elementor-widget elementor-widget-text-editor\" data-id=\"e1fcb70\" data-element_type=\"widget\" data-widget_type=\"text-editor.default\">\n\t\t\t\t\t\t\t\t\t<p><strong>Full day\u200b<\/strong><\/p><p>Ovada come porta di ingresso sull&#8217;alto Monferrato, ricca di storia e curiosit\u00e0, la vostra guida vi condurr\u00e0 alla scoperta di questa citt\u00e0 attraverso una passeggiata a piedi, pranzo in trattoria tipica per gustare la farinata e nel pomeriggio visita del castello di Tagliolo Monferrato, nelle colline adiacenti, a 5 minuti da Ovada.<\/p><p>Al termine degustazione di un calice di vino prodotto dal castello. L&#8217;alto Monferrato vanta la maggior concentrazione di castelli medievali d&#8217;italia.<\/p><h6>Prezzi a partire da 40<strong>\u20ac<\/strong><\/h6>\t\t\t\t\t\t\t\t<\/div>\n\t\t\t\t<div class=\"elementor-element elementor-element-7c19c42 elementor-button-default elementor-widget elementor-widget-button\" data-id=\"7c19c42\" data-element_type=\"widget\" data-widget_type=\"button.default\">\n\t\t\t\t\t\t\t\t\t\t<a class=\"elementor-button elementor-button-link elementor-size-sm\" href=\"\/prenota\">\n\t\t\t\t\t\t<span class=\"elementor-button-content-wrapper\">\n\t\t\t\t\t\t<span class=\"elementor-button-icon\">\n\t\t\t\t<i aria-hidden=\"true\" class=\"recrutie-icon- recrutie-icon-arrow-up-right-1\"><\/i>\t\t\t<\/span>\n\t\t\t\t\t\t\t\t\t<span class=\"elementor-button-text\">Prenota<\/span>\n\t\t\t\t\t<\/span>\n\t\t\t\t\t<\/a>\n\t\t\t\t\t\t\t\t<\/div>\n\t\t\t\t<\/div>\n\t\t\t\t<\/div>\n\t\t\t\t\t<\/div>\n\t\t\t\t<\/div>\n\t\t<div class=\"elementor-element elementor-element-6884fc6 e-flex e-con-boxed e-con e-parent\" data-id=\"6884fc6\" data-element_type=\"container\" data-settings=\"{&quot;background_background&quot;:&quot;classic&quot;}\">\n\t\t\t\t\t<div class=\"e-con-inner\">\n\t\t<div class=\"elementor-element elementor-element-18b684f e-con-full e-flex e-con e-child\" data-id=\"18b684f\" data-element_type=\"container\" data-settings=\"{&quot;background_background&quot;:&quot;classic&quot;}\">\n\t\t\t\t<\/div>\n\t\t<div class=\"elementor-element elementor-element-2e5986b e-con-full e-flex e-con e-child\" data-id=\"2e5986b\" data-element_type=\"container\">\n\t\t<div class=\"elementor-element elementor-element-8c49f57 e-con-full e-flex e-con e-child\" data-id=\"8c49f57\" data-element_type=\"container\">\n\t\t\t\t<div class=\"elementor-element elementor-element-ebe64e9 elementor-widget elementor-widget-heading\" data-id=\"ebe64e9\" data-element_type=\"widget\" data-widget_type=\"heading.default\">\n\t\t\t\t\t<h2 class=\"elementor-heading-title elementor-size-default\">Degustazione grappe<\/h2>\t\t\t\t<\/div>\n\t\t\t\t<div class=\"elementor-element elementor-element-e03d430 elementor-widget elementor-widget-text-editor\" data-id=\"e03d430\" data-element_type=\"widget\" data-widget_type=\"text-editor.default\">\n\t\t\t\t\t\t\t\t\t<p>Degustazione di grappa in un&#8217;antica distilleria prodotta artigianalmente con percorso interattivo e possibilit\u00e0 di acquisto in loco.<\/p><p>In abbinamento e su richiesta , possibilit\u00e0 di degustazione di 2 Vermouth prodotti in distilleria.<\/p><h6>Prezzi a partire da 30<strong>\u20ac<\/strong><\/h6>\t\t\t\t\t\t\t\t<\/div>\n\t\t\t\t<div class=\"elementor-element elementor-element-8d29550 elementor-button-default elementor-widget elementor-widget-button\" data-id=\"8d29550\" data-element_type=\"widget\" data-widget_type=\"button.default\">\n\t\t\t\t\t\t\t\t\t\t<a class=\"elementor-button elementor-button-link elementor-size-sm\" href=\"\/prenota\">\n\t\t\t\t\t\t<span class=\"elementor-button-content-wrapper\">\n\t\t\t\t\t\t<span class=\"elementor-button-icon\">\n\t\t\t\t<i aria-hidden=\"true\" class=\"recrutie-icon- recrutie-icon-arrow-up-right-1\"><\/i>\t\t\t<\/span>\n\t\t\t\t\t\t\t\t\t<span class=\"elementor-button-text\">Prenota<\/span>\n\t\t\t\t\t<\/span>\n\t\t\t\t\t<\/a>\n\t\t\t\t\t\t\t\t<\/div>\n\t\t\t\t<\/div>\n\t\t\t\t<\/div>\n\t\t\t\t\t<\/div>\n\t\t\t\t<\/div>\n\t\t<div class=\"elementor-element elementor-element-a223022 e-flex e-con-boxed e-con e-parent\" data-id=\"a223022\" data-element_type=\"container\" data-settings=\"{&quot;background_background&quot;:&quot;classic&quot;}\">\n\t\t\t\t\t<div class=\"e-con-inner\">\n\t\t<div class=\"elementor-element elementor-element-a0936b1 e-con-full e-flex e-con e-child\" data-id=\"a0936b1\" data-element_type=\"container\" data-settings=\"{&quot;background_background&quot;:&quot;classic&quot;}\">\n\t\t\t\t<\/div>\n\t\t<div class=\"elementor-element elementor-element-e62b45c e-con-full e-flex e-con e-child\" data-id=\"e62b45c\" data-element_type=\"container\">\n\t\t<div class=\"elementor-element elementor-element-03c5bc8 e-con-full e-flex e-con e-child\" data-id=\"03c5bc8\" data-element_type=\"container\">\n\t\t\t\t<div class=\"elementor-element elementor-element-27024d8 elementor-widget elementor-widget-heading\" data-id=\"27024d8\" data-element_type=\"widget\" data-widget_type=\"heading.default\">\n\t\t\t\t\t<h2 class=\"elementor-heading-title elementor-size-default\">Gavi e fortezza vino<\/h2>\t\t\t\t<\/div>\n\t\t\t\t<div class=\"elementor-element elementor-element-6c99849 elementor-widget elementor-widget-text-editor\" data-id=\"6c99849\" data-element_type=\"widget\" data-widget_type=\"text-editor.default\">\n\t\t\t\t\t\t\t\t\t<p>Esperienza ai confini tra Liguria e Piemonte, con passeggiata attraverso questo borgo che ricorda moltissimo i \u201ccarruggi\u201d genovesi, per i suoi colori, per le sue case, per la focaccia!<\/p><p>Imponente il forte di Gavi, storica fortezza di tipo prettamente difensivo costruita dai genovesi su un preesistente castello di origine medioevale. \u00c8 di propriet\u00e0 demaniale ed \u00e8 adibito a struttura museale. Si trova lungo la via Postumia che nell&#8217;antichit\u00e0 collegava la Repubblica di Genova al Basso Piemonte (Monferrato) e alla Lombardia.<\/p><p>Al termine della passeggiata degustazione presso i Produttori del Gavi, marchio riconosciuto a livello mondiale, con un percorso denominato \u201cCalcatio 5 etichette\u201d, un percorso griffato DOCG, accompagnato da tagliere di prodotti tipici e dagli immancabili amaretti, dolce tipico del territorio.<\/p><h6>Prezzi a partire da 2<strong>5\u20ac<\/strong><\/h6>\t\t\t\t\t\t\t\t<\/div>\n\t\t\t\t<div class=\"elementor-element elementor-element-f7e54d7 elementor-button-default elementor-widget elementor-widget-button\" data-id=\"f7e54d7\" data-element_type=\"widget\" data-widget_type=\"button.default\">\n\t\t\t\t\t\t\t\t\t\t<a class=\"elementor-button elementor-button-link elementor-size-sm\" href=\"\/prenota\">\n\t\t\t\t\t\t<span class=\"elementor-button-content-wrapper\">\n\t\t\t\t\t\t<span class=\"elementor-button-icon\">\n\t\t\t\t<i aria-hidden=\"true\" class=\"recrutie-icon- recrutie-icon-arrow-up-right-1\"><\/i>\t\t\t<\/span>\n\t\t\t\t\t\t\t\t\t<span class=\"elementor-button-text\">Prenota<\/span>\n\t\t\t\t\t<\/span>\n\t\t\t\t\t<\/a>\n\t\t\t\t\t\t\t\t<\/div>\n\t\t\t\t<\/div>\n\t\t\t\t<\/div>\n\t\t\t\t\t<\/div>\n\t\t\t\t<\/div>\n\t\t<div class=\"elementor-element elementor-element-0901e1b e-flex e-con-boxed e-con e-parent\" data-id=\"0901e1b\" data-element_type=\"container\" data-settings=\"{&quot;background_background&quot;:&quot;classic&quot;}\">\n\t\t\t\t\t<div class=\"e-con-inner\">\n\t\t<div class=\"elementor-element elementor-element-cb2f796 e-con-full e-flex e-con e-child\" data-id=\"cb2f796\" data-element_type=\"container\" data-settings=\"{&quot;background_background&quot;:&quot;classic&quot;}\">\n\t\t\t\t<\/div>\n\t\t<div class=\"elementor-element elementor-element-fa66907 e-con-full e-flex e-con e-child\" data-id=\"fa66907\" data-element_type=\"container\">\n\t\t<div class=\"elementor-element elementor-element-c5ed0fe e-con-full e-flex e-con e-child\" data-id=\"c5ed0fe\" data-element_type=\"container\">\n\t\t\t\t<div class=\"elementor-element elementor-element-ae1b2d2 elementor-widget elementor-widget-heading\" data-id=\"ae1b2d2\" data-element_type=\"widget\" data-widget_type=\"heading.default\">\n\t\t\t\t\t<h2 class=\"elementor-heading-title elementor-size-default\">Laboratorio di cioccolato<\/h2>\t\t\t\t<\/div>\n\t\t\t\t<div class=\"elementor-element elementor-element-ff73672 elementor-widget elementor-widget-text-editor\" data-id=\"ff73672\" data-element_type=\"widget\" data-widget_type=\"text-editor.default\">\n\t\t\t\t\t\t\t\t\t<p><strong>Half day<\/strong><\/p><p>\u200bVisita ad un laboratorio artigianale per scoprire l&#8217;arte del maitre chocolatier e prendere parte attiva ad alcune fasi della lavorazione.<\/p><p>A seguire degustazione.<\/p><h6>Prezzi a partire da 30<strong>\u20ac<\/strong><\/h6>\t\t\t\t\t\t\t\t<\/div>\n\t\t\t\t<div class=\"elementor-element elementor-element-e509b36 elementor-button-default elementor-widget elementor-widget-button\" data-id=\"e509b36\" data-element_type=\"widget\" data-widget_type=\"button.default\">\n\t\t\t\t\t\t\t\t\t\t<a class=\"elementor-button elementor-button-link elementor-size-sm\" href=\"\/prenota\">\n\t\t\t\t\t\t<span class=\"elementor-button-content-wrapper\">\n\t\t\t\t\t\t<span class=\"elementor-button-icon\">\n\t\t\t\t<i aria-hidden=\"true\" class=\"recrutie-icon- recrutie-icon-arrow-up-right-1\"><\/i>\t\t\t<\/span>\n\t\t\t\t\t\t\t\t\t<span class=\"elementor-button-text\">Prenota<\/span>\n\t\t\t\t\t<\/span>\n\t\t\t\t\t<\/a>\n\t\t\t\t\t\t\t\t<\/div>\n\t\t\t\t<\/div>\n\t\t\t\t<\/div>\n\t\t\t\t\t<\/div>\n\t\t\t\t<\/div>\n\t\t<div class=\"elementor-element elementor-element-a6756aa e-flex e-con-boxed e-con e-parent\" data-id=\"a6756aa\" data-element_type=\"container\" data-settings=\"{&quot;background_background&quot;:&quot;classic&quot;}\">\n\t\t\t\t\t<div class=\"e-con-inner\">\n\t\t<div class=\"elementor-element elementor-element-83fb86a e-con-full e-flex e-con e-child\" data-id=\"83fb86a\" data-element_type=\"container\" data-settings=\"{&quot;background_background&quot;:&quot;classic&quot;}\">\n\t\t\t\t<\/div>\n\t\t<div class=\"elementor-element elementor-element-761c7db e-con-full e-flex e-con e-child\" data-id=\"761c7db\" data-element_type=\"container\">\n\t\t<div class=\"elementor-element elementor-element-1d2d69d e-con-full e-flex e-con e-child\" data-id=\"1d2d69d\" data-element_type=\"container\">\n\t\t\t\t<div class=\"elementor-element elementor-element-1d93d8e elementor-widget elementor-widget-heading\" data-id=\"1d93d8e\" data-element_type=\"widget\" data-widget_type=\"heading.default\">\n\t\t\t\t\t<h2 class=\"elementor-heading-title elementor-size-default\">Degustazione bendata<\/h2>\t\t\t\t<\/div>\n\t\t\t\t<div class=\"elementor-element elementor-element-3a29c27 elementor-widget elementor-widget-text-editor\" data-id=\"3a29c27\" data-element_type=\"widget\" data-widget_type=\"text-editor.default\">\n\t\t\t\t\t\t\t\t\t<p><strong>Half day<\/strong><\/p><p>Trasferimento in una localit\u00e0 tipica delle langhe, visita e degustazione di 4 vini alla cieca, in saletta dedicata, degustazione privata, prodotti tipici in accompagnamento.<\/p><p>\u200bLa degustazione comprendera&#8217; un bianco due rossi ed un barolo.<\/p><h6>Prezzi a partire da 100<strong>\u20ac<\/strong><\/h6>\t\t\t\t\t\t\t\t<\/div>\n\t\t\t\t<div class=\"elementor-element elementor-element-de02e9f elementor-button-default elementor-widget elementor-widget-button\" data-id=\"de02e9f\" data-element_type=\"widget\" data-widget_type=\"button.default\">\n\t\t\t\t\t\t\t\t\t\t<a class=\"elementor-button elementor-button-link elementor-size-sm\" href=\"\/prenota\">\n\t\t\t\t\t\t<span class=\"elementor-button-content-wrapper\">\n\t\t\t\t\t\t<span class=\"elementor-button-icon\">\n\t\t\t\t<i aria-hidden=\"true\" class=\"recrutie-icon- recrutie-icon-arrow-up-right-1\"><\/i>\t\t\t<\/span>\n\t\t\t\t\t\t\t\t\t<span class=\"elementor-button-text\">Prenota<\/span>\n\t\t\t\t\t<\/span>\n\t\t\t\t\t<\/a>\n\t\t\t\t\t\t\t\t<\/div>\n\t\t\t\t<\/div>\n\t\t\t\t<\/div>\n\t\t\t\t\t<\/div>\n\t\t\t\t<\/div>\n\t\t<div class=\"elementor-element elementor-element-cf612f7 e-flex e-con-boxed e-con e-parent\" data-id=\"cf612f7\" data-element_type=\"container\" data-settings=\"{&quot;background_background&quot;:&quot;classic&quot;}\">\n\t\t\t\t\t<div class=\"e-con-inner\">\n\t\t<div class=\"elementor-element elementor-element-9e48fba e-con-full e-flex e-con e-child\" data-id=\"9e48fba\" data-element_type=\"container\" data-settings=\"{&quot;background_background&quot;:&quot;classic&quot;}\">\n\t\t\t\t<\/div>\n\t\t<div class=\"elementor-element elementor-element-323822c e-con-full e-flex e-con e-child\" data-id=\"323822c\" data-element_type=\"container\">\n\t\t<div class=\"elementor-element elementor-element-699ddf8 e-con-full e-flex e-con e-child\" data-id=\"699ddf8\" data-element_type=\"container\">\n\t\t\t\t<div class=\"elementor-element elementor-element-700f445 elementor-widget elementor-widget-heading\" data-id=\"700f445\" data-element_type=\"widget\" data-widget_type=\"heading.default\">\n\t\t\t\t\t<h2 class=\"elementor-heading-title elementor-size-default\">Trifolau per un giorno<\/h2>\t\t\t\t<\/div>\n\t\t\t\t<div class=\"elementor-element elementor-element-e18f79f elementor-widget elementor-widget-text-editor\" data-id=\"e18f79f\" data-element_type=\"widget\" data-widget_type=\"text-editor.default\">\n\t\t\t\t\t\t\t\t\t<p><strong>Il Gioiello delle nostre Terre<\/strong><\/p><p>La Cascina \u00e8 situata sulle dolci colline del Monferrato Ovadese, zona che oltre ad essere molto rinomata per i suoi vini, non \u00e8 da meno per il suo pregiato tartufo bianco. Tutti concordano sullo straordinario aroma e qualit\u00e0 dei tartufi bianchi di queste terre, vere prelibatezze altamente apprezzate gi\u00e0 in passato, si pensi che Gioacchino Rossini, defin\u00ec il tartufo di queste colline \u201cIl Mozart dei funghi\u201d. In uno splendido contesto rurale che riporta al passato, la nostra cascina vanta una riserva naturale di tartufi bianchi.<\/p><p>La scoperta:<\/p><ul><li><strong>Durata della visita:<\/strong> 2 ore.<\/li><li><strong>Orari:<\/strong> a scelta del cliente<\/li><\/ul><h6>Prezzi a partire da 85<strong>\u20ac<\/strong><\/h6>\t\t\t\t\t\t\t\t<\/div>\n\t\t\t\t<div class=\"elementor-element elementor-element-5207378 elementor-button-default elementor-widget elementor-widget-button\" data-id=\"5207378\" data-element_type=\"widget\" data-widget_type=\"button.default\">\n\t\t\t\t\t\t\t\t\t\t<a class=\"elementor-button elementor-button-link elementor-size-sm\" href=\"\/prenota\">\n\t\t\t\t\t\t<span class=\"elementor-button-content-wrapper\">\n\t\t\t\t\t\t<span class=\"elementor-button-icon\">\n\t\t\t\t<i aria-hidden=\"true\" class=\"recrutie-icon- recrutie-icon-arrow-up-right-1\"><\/i>\t\t\t<\/span>\n\t\t\t\t\t\t\t\t\t<span class=\"elementor-button-text\">Prenota<\/span>\n\t\t\t\t\t<\/span>\n\t\t\t\t\t<\/a>\n\t\t\t\t\t\t\t\t<\/div>\n\t\t\t\t<\/div>\n\t\t\t\t<\/div>\n\t\t\t\t\t<\/div>\n\t\t\t\t<\/div>\n\t\t<div class=\"elementor-element elementor-element-e220568 e-flex e-con-boxed e-con e-parent\" data-id=\"e220568\" data-element_type=\"container\" data-settings=\"{&quot;background_background&quot;:&quot;classic&quot;}\">\n\t\t\t\t\t<div class=\"e-con-inner\">\n\t\t<div class=\"elementor-element elementor-element-f2d56c9 e-con-full e-flex e-con e-child\" data-id=\"f2d56c9\" data-element_type=\"container\" data-settings=\"{&quot;background_background&quot;:&quot;classic&quot;}\">\n\t\t\t\t<\/div>\n\t\t<div class=\"elementor-element elementor-element-1df15e1 e-con-full e-flex e-con e-child\" data-id=\"1df15e1\" data-element_type=\"container\">\n\t\t<div class=\"elementor-element elementor-element-193d9de e-con-full e-flex e-con e-child\" data-id=\"193d9de\" data-element_type=\"container\">\n\t\t\t\t<div class=\"elementor-element elementor-element-8810631 elementor-widget elementor-widget-heading\" data-id=\"8810631\" data-element_type=\"widget\" data-widget_type=\"heading.default\">\n\t\t\t\t\t<h2 class=\"elementor-heading-title elementor-size-default\">Gelato experience<\/h2>\t\t\t\t<\/div>\n\t\t\t\t<div class=\"elementor-element elementor-element-9514d00 elementor-widget elementor-widget-text-editor\" data-id=\"9514d00\" data-element_type=\"widget\" data-widget_type=\"text-editor.default\">\n\t\t\t\t\t\t\t\t\t<p>La gelato experience permetter\u00e0 di vedere e provare di persona come funziona il laboratorio di una gelateria artigianale.<\/p><p>Si comporr\u00e0 di tre parti:<\/p><ul><li>la prima parte sar\u00e0 dedicata alla storia del gelato artigianale.<\/li><li>durante la seconda verranno illustrati i macchinari necessari alla realizzazione di un gelato artigianale, gli ingredienti che lo compongono e il loro ruolo nel gelato<\/li><li>nella terza parte dell\u2019experience i partecipanti realizzeranno personalmente un gusto di gelato.<\/li><\/ul><p>Al termine dell\u2019experience ogni partecipante ricever\u00e0 una vaschetta da 1 kg circa con il gelato realizzato o con gusti a scelta tra quelli disponibili in vetrina.\u200b<\/p><p><strong>Numero di partecipanti:<\/strong> da 2 a 5<\/p><p><strong>Durata: <\/strong>3h circa<\/p><h6>Prezzi a partire da 50<strong>\u20ac<\/strong><\/h6>\t\t\t\t\t\t\t\t<\/div>\n\t\t\t\t<div class=\"elementor-element elementor-element-7fa20ec elementor-button-default elementor-widget elementor-widget-button\" data-id=\"7fa20ec\" data-element_type=\"widget\" data-widget_type=\"button.default\">\n\t\t\t\t\t\t\t\t\t\t<a class=\"elementor-button elementor-button-link elementor-size-sm\" href=\"\/prenota\">\n\t\t\t\t\t\t<span class=\"elementor-button-content-wrapper\">\n\t\t\t\t\t\t<span class=\"elementor-button-icon\">\n\t\t\t\t<i aria-hidden=\"true\" class=\"recrutie-icon- recrutie-icon-arrow-up-right-1\"><\/i>\t\t\t<\/span>\n\t\t\t\t\t\t\t\t\t<span class=\"elementor-button-text\">Prenota<\/span>\n\t\t\t\t\t<\/span>\n\t\t\t\t\t<\/a>\n\t\t\t\t\t\t\t\t<\/div>\n\t\t\t\t<\/div>\n\t\t\t\t<\/div>\n\t\t\t\t\t<\/div>\n\t\t\t\t<\/div>\n\t\t<div class=\"elementor-element elementor-element-3ae6661 e-flex e-con-boxed e-con e-parent\" data-id=\"3ae6661\" data-element_type=\"container\" data-settings=\"{&quot;background_background&quot;:&quot;classic&quot;}\">\n\t\t\t\t\t<div class=\"e-con-inner\">\n\t\t<div class=\"elementor-element elementor-element-5a335e7 e-con-full e-flex e-con e-child\" data-id=\"5a335e7\" data-element_type=\"container\" data-settings=\"{&quot;background_background&quot;:&quot;classic&quot;}\">\n\t\t\t\t<\/div>\n\t\t<div class=\"elementor-element elementor-element-8fce4fd e-con-full e-flex e-con e-child\" data-id=\"8fce4fd\" data-element_type=\"container\">\n\t\t<div class=\"elementor-element elementor-element-ec76e87 e-con-full e-flex e-con e-child\" data-id=\"ec76e87\" data-element_type=\"container\">\n\t\t\t\t<div class=\"elementor-element elementor-element-ede58d1 elementor-widget elementor-widget-heading\" data-id=\"ede58d1\" data-element_type=\"widget\" data-widget_type=\"heading.default\">\n\t\t\t\t\t<h2 class=\"elementor-heading-title elementor-size-default\">Campo ligure tra sapori &amp; storia<\/h2>\t\t\t\t<\/div>\n\t\t\t\t<div class=\"elementor-element elementor-element-9fe47b3 elementor-widget elementor-widget-text-editor\" data-id=\"9fe47b3\" data-element_type=\"widget\" data-widget_type=\"text-editor.default\">\n\t\t\t\t\t\t\t\t\t<p>Esperienza tra sapori, storia e artigianato.<\/p><p>Campo Ligure \u00e8 riconosciuto come uno dei borghi pi\u00f9 belli d\u2019Italia ed \u00e8 anche capitale nazionale della filigrana; l\u2019esperienza inizia cona la visita al museo della filigrana, perfettamente inserito nel contesto storico del borgo; si prosegue con la visita di un laboratorio orafo filigranista specializzato locale, dove verr\u00e0 spiegata questa raffinata tecnica di lavorazione di oro e argento.<\/p><p>Tappa successiva sar\u00e0 un aperi-pranzo presso il castello Spinola, dove sar\u00e0 possibile gustare i sapori del territorio, accompagnati dai vini del Monferrato.<\/p><p>A seguire visita del castello con la sua struttura architettonica caratteristica che domina il borgo medievale, la neviera ed il museo all\u2019aperto \u201cIl giardino di Tugnin\u201d, collezione di statue a tema sacro e mitologico.<\/p><p>Infine non mancher\u00e0 il tempo per un giro nelle piccole vie antiche, con le loro botteghe e le boutiques dove fare shopping.<\/p><h6>Prezzi a partire da 30<strong>\u20ac<\/strong><\/h6>\t\t\t\t\t\t\t\t<\/div>\n\t\t\t\t<div class=\"elementor-element elementor-element-509a444 elementor-button-default elementor-widget elementor-widget-button\" data-id=\"509a444\" data-element_type=\"widget\" data-widget_type=\"button.default\">\n\t\t\t\t\t\t\t\t\t\t<a class=\"elementor-button elementor-button-link elementor-size-sm\" href=\"\/prenota\">\n\t\t\t\t\t\t<span class=\"elementor-button-content-wrapper\">\n\t\t\t\t\t\t<span class=\"elementor-button-icon\">\n\t\t\t\t<i aria-hidden=\"true\" class=\"recrutie-icon- recrutie-icon-arrow-up-right-1\"><\/i>\t\t\t<\/span>\n\t\t\t\t\t\t\t\t\t<span class=\"elementor-button-text\">Prenota<\/span>\n\t\t\t\t\t<\/span>\n\t\t\t\t\t<\/a>\n\t\t\t\t\t\t\t\t<\/div>\n\t\t\t\t<\/div>\n\t\t\t\t<\/div>\n\t\t\t\t\t<\/div>\n\t\t\t\t<\/div>\n\t\t<div class=\"elementor-element elementor-element-bfb0d3d e-flex e-con-boxed e-con e-parent\" data-id=\"bfb0d3d\" data-element_type=\"container\" data-settings=\"{&quot;background_background&quot;:&quot;classic&quot;}\">\n\t\t\t\t\t<div class=\"e-con-inner\">\n\t\t<div class=\"elementor-element elementor-element-03c4074 e-con-full e-flex e-con e-child\" data-id=\"03c4074\" data-element_type=\"container\" data-settings=\"{&quot;background_background&quot;:&quot;classic&quot;}\">\n\t\t\t\t<\/div>\n\t\t<div class=\"elementor-element elementor-element-e6026cb e-con-full e-flex e-con e-child\" data-id=\"e6026cb\" data-element_type=\"container\">\n\t\t<div class=\"elementor-element elementor-element-d171dc6 e-con-full e-flex e-con e-child\" data-id=\"d171dc6\" data-element_type=\"container\">\n\t\t\t\t<div class=\"elementor-element elementor-element-f669a78 elementor-widget elementor-widget-heading\" data-id=\"f669a78\" data-element_type=\"widget\" data-widget_type=\"heading.default\">\n\t\t\t\t\t<h2 class=\"elementor-heading-title elementor-size-default\">The fassushi<\/h2>\t\t\t\t<\/div>\n\t\t\t\t<div class=\"elementor-element elementor-element-e632438 elementor-widget elementor-widget-text-editor\" data-id=\"e632438\" data-element_type=\"widget\" data-widget_type=\"text-editor.default\">\n\t\t\t\t\t\t\t\t\t<p>Sushi di carne fassona.<br \/>Materie prime del territorio piemontese in un guscio orientale.<\/p><p>Idea originale e carattere deciso per far vivere un\u2019esperienza di sapori nuovi e creativi.<\/p><h6>Prezzi a partire da 65<strong>\u20ac<\/strong><\/h6>\t\t\t\t\t\t\t\t<\/div>\n\t\t\t\t<div class=\"elementor-element elementor-element-2466466 elementor-button-default elementor-widget elementor-widget-button\" data-id=\"2466466\" data-element_type=\"widget\" data-widget_type=\"button.default\">\n\t\t\t\t\t\t\t\t\t\t<a class=\"elementor-button elementor-button-link elementor-size-sm\" href=\"\/prenota\">\n\t\t\t\t\t\t<span class=\"elementor-button-content-wrapper\">\n\t\t\t\t\t\t<span class=\"elementor-button-icon\">\n\t\t\t\t<i aria-hidden=\"true\" class=\"recrutie-icon- recrutie-icon-arrow-up-right-1\"><\/i>\t\t\t<\/span>\n\t\t\t\t\t\t\t\t\t<span class=\"elementor-button-text\">Prenota<\/span>\n\t\t\t\t\t<\/span>\n\t\t\t\t\t<\/a>\n\t\t\t\t\t\t\t\t<\/div>\n\t\t\t\t<\/div>\n\t\t\t\t<\/div>\n\t\t\t\t\t<\/div>\n\t\t\t\t<\/div>\n\t\t<div class=\"elementor-element elementor-element-44506ce e-flex e-con-boxed e-con e-parent\" data-id=\"44506ce\" data-element_type=\"container\" data-settings=\"{&quot;background_background&quot;:&quot;classic&quot;}\">\n\t\t\t\t\t<div class=\"e-con-inner\">\n\t\t<div class=\"elementor-element elementor-element-09fda29 e-con-full e-flex e-con e-child\" data-id=\"09fda29\" data-element_type=\"container\" data-settings=\"{&quot;background_background&quot;:&quot;classic&quot;}\">\n\t\t\t\t<\/div>\n\t\t<div class=\"elementor-element elementor-element-7d7ff26 e-con-full e-flex e-con e-child\" data-id=\"7d7ff26\" data-element_type=\"container\">\n\t\t<div class=\"elementor-element elementor-element-c2bd1b6 e-con-full e-flex e-con e-child\" data-id=\"c2bd1b6\" data-element_type=\"container\">\n\t\t\t\t<div class=\"elementor-element elementor-element-60c5c9b elementor-widget elementor-widget-heading\" data-id=\"60c5c9b\" data-element_type=\"widget\" data-widget_type=\"heading.default\">\n\t\t\t\t\t<h2 class=\"elementor-heading-title elementor-size-default\">Mentalism experience<\/h2>\t\t\t\t<\/div>\n\t\t\t\t<div class=\"elementor-element elementor-element-5057c9e elementor-widget elementor-widget-text-editor\" data-id=\"5057c9e\" data-element_type=\"widget\" data-widget_type=\"text-editor.default\">\n\t\t\t\t\t\t\t\t\t<p>Pensa cosa accadrebbe se qualcuno riuscisse ad aprire la porta del tuo subconscio, la stessa porta che permette di accedere alla tua immaginazione, ai pensieri e alle tue emozioni pi\u00f9 profonde!<\/p><p>Il nostro unico scopo \u00e8 quello di far vivere un&#8217;emozione nuova ai nostri spettatori, entrare nei loro ricordi grazie a sensazioni che non hanno mai provato prima. Un mentalista non gioca, ma sperimenta, lasciando sempre un velo di mistero in ogni esperimento che fa.<\/p><p>Daniele Losquadro e Pasquale Buonanno, duo di mentalisti.<\/p><p>Poche al mondo sono le coppie nel mentalismo.<\/p><p>La scelta di creare un duo nasce dalla complicit\u00e0 di essere uno il sostegno dell&#8217;altro, uno il pezzo mancante dell&#8217;altro.<\/p><p>Se il tuo evento lo stai organizzando all&#8217;interno di una location suggestiva del passato, come una villa del &#8216;700, oppure un castello, un museo, sicuramente lo show &#8220;indietro nel tempo&#8221; unisce la scienza e l&#8217;occulto in un mood steampunk.<\/p><p>Lo spettacolo &#8220;moderno &amp; scientifico&#8221; si adatta alla modernit\u00e0 della location, incentrando lo show sull&#8217;applicazione di tecniche psicologiche, di lettura della mente e di cold reading.<\/p>\t\t\t\t\t\t\t\t<\/div>\n\t\t\t\t<div class=\"elementor-element elementor-element-fc7f559 elementor-button-default elementor-widget elementor-widget-button\" data-id=\"fc7f559\" data-element_type=\"widget\" data-widget_type=\"button.default\">\n\t\t\t\t\t\t\t\t\t\t<a class=\"elementor-button elementor-button-link elementor-size-sm\" href=\"\/prenota\">\n\t\t\t\t\t\t<span class=\"elementor-button-content-wrapper\">\n\t\t\t\t\t\t<span class=\"elementor-button-icon\">\n\t\t\t\t<i aria-hidden=\"true\" class=\"recrutie-icon- recrutie-icon-arrow-up-right-1\"><\/i>\t\t\t<\/span>\n\t\t\t\t\t\t\t\t\t<span class=\"elementor-button-text\">Prenota<\/span>\n\t\t\t\t\t<\/span>\n\t\t\t\t\t<\/a>\n\t\t\t\t\t\t\t\t<\/div>\n\t\t\t\t<\/div>\n\t\t\t\t<\/div>\n\t\t\t\t\t<\/div>\n\t\t\t\t<\/div>\n\t\t<div class=\"elementor-element elementor-element-3404143 e-flex e-con-boxed e-con e-parent\" data-id=\"3404143\" data-element_type=\"container\" data-settings=\"{&quot;background_background&quot;:&quot;classic&quot;}\">\n\t\t\t\t\t<div class=\"e-con-inner\">\n\t\t<div class=\"elementor-element elementor-element-ce20682 e-con-full e-flex e-con e-child\" data-id=\"ce20682\" data-element_type=\"container\" data-settings=\"{&quot;background_background&quot;:&quot;classic&quot;}\">\n\t\t\t\t<\/div>\n\t\t<div class=\"elementor-element elementor-element-3fdd638 e-con-full e-flex e-con e-child\" data-id=\"3fdd638\" data-element_type=\"container\">\n\t\t<div class=\"elementor-element elementor-element-3914df9 e-con-full e-flex e-con e-child\" data-id=\"3914df9\" data-element_type=\"container\">\n\t\t\t\t<div class=\"elementor-element elementor-element-6fcdf6d elementor-widget elementor-widget-heading\" data-id=\"6fcdf6d\" data-element_type=\"widget\" data-widget_type=\"heading.default\">\n\t\t\t\t\t<h2 class=\"elementor-heading-title elementor-size-default\">Vino &amp; fumetti<\/h2>\t\t\t\t<\/div>\n\t\t\t\t<div class=\"elementor-element elementor-element-068814a elementor-widget elementor-widget-text-editor\" data-id=\"068814a\" data-element_type=\"widget\" data-widget_type=\"text-editor.default\">\n\t\t\t\t\t\t\t\t\t<p>Vi accompagneremo a Bubbio, in Alto Monferrato, per farvi conoscere i produttori del primo vino certificato BIO in Italia nel 1992, il celebre Moscato d\u2019Asti San Grod.<\/p><p>Esperienza particolare per le \u201cVignette in vigna\u201d, 40 vignette sui temi del vino esposte in permanenza all\u2019aperto tra i filari delle vigne di San Grato, compreso la Vignetta piu\u2019 lunga d\u2019Italia, 70 metri x 1 metro di altezza sul vino in un unico grande telo. La degustazione si effettuer\u00e0 in una sala dove sgorga una sorgente naturale, accompagnata da vini bio, salumi e formaggi, un\u2019atmosfera tutta da vivere e gustare!<\/p><p>Esperienza degustativa che si puo\u2019 inserire nel contesto di un minitour effettuato in autonomia, con la visita di Acqui Terme, antica citt\u00e0 termale di epoca romana, Monastero Bormida e Bistagno, piccoli borghi caratterizzati da un\u2019atmosfera d\u2019altri tempi.<\/p><h6>Prezzi a partire da 35<strong>\u20ac<\/strong><\/h6>\t\t\t\t\t\t\t\t<\/div>\n\t\t\t\t<div class=\"elementor-element elementor-element-ec987f0 elementor-button-default elementor-widget elementor-widget-button\" data-id=\"ec987f0\" data-element_type=\"widget\" data-widget_type=\"button.default\">\n\t\t\t\t\t\t\t\t\t\t<a class=\"elementor-button elementor-button-link elementor-size-sm\" href=\"\/prenota\">\n\t\t\t\t\t\t<span class=\"elementor-button-content-wrapper\">\n\t\t\t\t\t\t<span class=\"elementor-button-icon\">\n\t\t\t\t<i aria-hidden=\"true\" class=\"recrutie-icon- recrutie-icon-arrow-up-right-1\"><\/i>\t\t\t<\/span>\n\t\t\t\t\t\t\t\t\t<span class=\"elementor-button-text\">Prenota<\/span>\n\t\t\t\t\t<\/span>\n\t\t\t\t\t<\/a>\n\t\t\t\t\t\t\t\t<\/div>\n\t\t\t\t<\/div>\n\t\t\t\t<\/div>\n\t\t\t\t\t<\/div>\n\t\t\t\t<\/div>\n\t\t<div class=\"elementor-element elementor-element-195f4b9 e-flex e-con-boxed e-con e-parent\" data-id=\"195f4b9\" data-element_type=\"container\" data-settings=\"{&quot;background_background&quot;:&quot;classic&quot;}\">\n\t\t\t\t\t<div class=\"e-con-inner\">\n\t\t<div class=\"elementor-element elementor-element-4335c66 e-con-full e-flex e-con e-child\" data-id=\"4335c66\" data-element_type=\"container\" data-settings=\"{&quot;background_background&quot;:&quot;classic&quot;}\">\n\t\t\t\t<\/div>\n\t\t<div class=\"elementor-element elementor-element-4852782 e-con-full e-flex e-con e-child\" data-id=\"4852782\" data-element_type=\"container\">\n\t\t<div class=\"elementor-element elementor-element-1157e23 e-con-full e-flex e-con e-child\" data-id=\"1157e23\" data-element_type=\"container\">\n\t\t\t\t<div class=\"elementor-element elementor-element-72f16e5 elementor-widget elementor-widget-heading\" data-id=\"72f16e5\" data-element_type=\"widget\" data-widget_type=\"heading.default\">\n\t\t\t\t\t<h2 class=\"elementor-heading-title elementor-size-default\">wine tour in vigna<\/h2>\t\t\t\t<\/div>\n\t\t\t\t<div class=\"elementor-element elementor-element-5569fa6 elementor-widget elementor-widget-text-editor\" data-id=\"5569fa6\" data-element_type=\"widget\" data-widget_type=\"text-editor.default\">\n\t\t\t\t\t\t\t\t\t<p>Per un brunch o per un aperitivo in vigna, al tramonto, tra i filari di propriet\u00e0 egregiamente curati.<\/p><p>L\u2019atmosfera country rende questo luogo molto particolare e suggestivo; visita guidata della vigna e della cantina con tre vini in degustazione accompagnati da prodotti tipici della zona quali salumi, formaggi, focaccia, vitello tonnato, battuta di fassona, sformato di verdure con fonduta leggera, insalata russa e verdure ripiene.<\/p><h6>Prezzi a partire da 30<strong>\u20ac<\/strong><\/h6>\t\t\t\t\t\t\t\t<\/div>\n\t\t\t\t<div class=\"elementor-element elementor-element-9d619f7 elementor-button-default elementor-widget elementor-widget-button\" data-id=\"9d619f7\" data-element_type=\"widget\" data-widget_type=\"button.default\">\n\t\t\t\t\t\t\t\t\t\t<a class=\"elementor-button elementor-button-link elementor-size-sm\" href=\"\/prenota\">\n\t\t\t\t\t\t<span class=\"elementor-button-content-wrapper\">\n\t\t\t\t\t\t<span class=\"elementor-button-icon\">\n\t\t\t\t<i aria-hidden=\"true\" class=\"recrutie-icon- recrutie-icon-arrow-up-right-1\"><\/i>\t\t\t<\/span>\n\t\t\t\t\t\t\t\t\t<span class=\"elementor-button-text\">Prenota<\/span>\n\t\t\t\t\t<\/span>\n\t\t\t\t\t<\/a>\n\t\t\t\t\t\t\t\t<\/div>\n\t\t\t\t<\/div>\n\t\t\t\t<\/div>\n\t\t\t\t\t<\/div>\n\t\t\t\t<\/div>\n\t\t<div class=\"elementor-element elementor-element-14177e9 e-flex e-con-boxed e-con e-parent\" data-id=\"14177e9\" data-element_type=\"container\" data-settings=\"{&quot;background_background&quot;:&quot;classic&quot;}\">\n\t\t\t\t\t<div class=\"e-con-inner\">\n\t\t<div class=\"elementor-element elementor-element-82b2314 e-con-full e-flex e-con e-child\" data-id=\"82b2314\" data-element_type=\"container\" data-settings=\"{&quot;background_background&quot;:&quot;classic&quot;}\">\n\t\t\t\t<\/div>\n\t\t<div class=\"elementor-element elementor-element-3b2d075 e-con-full e-flex e-con e-child\" data-id=\"3b2d075\" data-element_type=\"container\">\n\t\t<div class=\"elementor-element elementor-element-9278685 e-con-full e-flex e-con e-child\" data-id=\"9278685\" data-element_type=\"container\">\n\t\t\t\t<div class=\"elementor-element elementor-element-0b0bd74 elementor-widget elementor-widget-heading\" data-id=\"0b0bd74\" data-element_type=\"widget\" data-widget_type=\"heading.default\">\n\t\t\t\t\t<h2 class=\"elementor-heading-title elementor-size-default\">L'alchimista dei formaggi<\/h2>\t\t\t\t<\/div>\n\t\t\t\t<div class=\"elementor-element elementor-element-17180d1 elementor-widget elementor-widget-text-editor\" data-id=\"17180d1\" data-element_type=\"widget\" data-widget_type=\"text-editor.default\">\n\t\t\t\t\t\t\t\t\t<p>Vero artista della caseificazione e dell&#8217;affinatura dei formaggi, nella sua cascina, dotata di laboratorio e stanze per la stagionatura, questo simpatico signore produce oltre 70 tipologie di formaggi grazie alle sue conoscenze su muffe, fermenti e cagliata lattica.<\/p><p>Il percorso si snoda lungo tutti i procedimenti, con storyteling ed aneddoti sulla sua vita e sulla sua professione; al termine, degustazione con: 4 piatti in 4 portate con minimo 8 tipologie di formaggi, 4 calici di vino dedicati suddivisi in 4 piatti, degustazione di oli e pani, grissini, liquori e digestivi di produzione propria e caff\u00e8. Un \u201cmust\u201d per gli amanti dei formaggi!<\/p><h6>Prezzi a partire da 170<strong>\u20ac<\/strong><\/h6>\t\t\t\t\t\t\t\t<\/div>\n\t\t\t\t<div class=\"elementor-element elementor-element-5643929 elementor-button-default elementor-widget elementor-widget-button\" data-id=\"5643929\" data-element_type=\"widget\" data-widget_type=\"button.default\">\n\t\t\t\t\t\t\t\t\t\t<a class=\"elementor-button elementor-button-link elementor-size-sm\" href=\"\/prenota\">\n\t\t\t\t\t\t<span class=\"elementor-button-content-wrapper\">\n\t\t\t\t\t\t<span class=\"elementor-button-icon\">\n\t\t\t\t<i aria-hidden=\"true\" class=\"recrutie-icon- recrutie-icon-arrow-up-right-1\"><\/i>\t\t\t<\/span>\n\t\t\t\t\t\t\t\t\t<span class=\"elementor-button-text\">Prenota<\/span>\n\t\t\t\t\t<\/span>\n\t\t\t\t\t<\/a>\n\t\t\t\t\t\t\t\t<\/div>\n\t\t\t\t<\/div>\n\t\t\t\t<\/div>\n\t\t\t\t\t<\/div>\n\t\t\t\t<\/div>\n\t\t<div class=\"elementor-element elementor-element-38c6e6b e-flex e-con-boxed e-con e-parent\" data-id=\"38c6e6b\" data-element_type=\"container\" data-settings=\"{&quot;background_background&quot;:&quot;classic&quot;}\">\n\t\t\t\t\t<div class=\"e-con-inner\">\n\t\t<div class=\"elementor-element elementor-element-b2afbc4 e-con-full e-flex e-con e-child\" data-id=\"b2afbc4\" data-element_type=\"container\" data-settings=\"{&quot;background_background&quot;:&quot;classic&quot;}\">\n\t\t\t\t<\/div>\n\t\t<div class=\"elementor-element elementor-element-9fefee2 e-con-full e-flex e-con e-child\" data-id=\"9fefee2\" data-element_type=\"container\">\n\t\t<div class=\"elementor-element elementor-element-276e181 e-con-full e-flex e-con e-child\" data-id=\"276e181\" data-element_type=\"container\">\n\t\t\t\t<div class=\"elementor-element elementor-element-51b899d elementor-widget elementor-widget-heading\" data-id=\"51b899d\" data-element_type=\"widget\" data-widget_type=\"heading.default\">\n\t\t\t\t\t<h2 class=\"elementor-heading-title elementor-size-default\">50 sfumature di ruch\u00e8<\/h2>\t\t\t\t<\/div>\n\t\t\t\t<div class=\"elementor-element elementor-element-3879289 elementor-widget elementor-widget-text-editor\" data-id=\"3879289\" data-element_type=\"widget\" data-widget_type=\"text-editor.default\">\n\t\t\t\t\t\t\t\t\t<p>Il Ruch\u00e9 \u00e8 un vitigno secolare; non se ne conosce con esattezza la storia, ma di sicuro \u00e8 uno dei vitigni autoctoni piemontesi maggiormente interessanti e dinamici. Svariate le leggende sul suo nome, con una in particolare che pare la pi\u00f9 attendibile. Si narra che in un casolare, chiamato \u201cRocca\u201d, alcuni frati vinificassero questo vino dolce da donare agli abitanti del vicino castello del Poggio: da qui l\u2019origine del termine Ruch\u00e8. Germoglia leggermente pi\u00f9 tardi delle altre viti, con una vegetazione di un verde maggiormente vivo e con tralci pi\u00f9 fitti. Produce un grappolo lungo e rado, con acini rotondi e tanti semi. Uva sempre dolcissima e molto precoce.<\/p><p>Pu\u00f2 essere bevuto d\u2019annata o anche invecchiato. Visita della cantina di produzione e degustazione di 4 Ruche\u2019 abbinata a salame e formaggio locali. Esperienza che pu\u00f2 essere completata con la visita di Frassinello Monferrato e visita al Castello o Vignale Monferrato con caccia al tartufo, percorso in quad o noleggio di e-bike per una \u201cpasseggiata\u201d tra i vigneti e le dolci colline monferrine.<\/p><h6>Prezzi a partire da 20<strong>\u20ac<\/strong><\/h6>\t\t\t\t\t\t\t\t<\/div>\n\t\t\t\t<div class=\"elementor-element elementor-element-cee0294 elementor-button-default elementor-widget elementor-widget-button\" data-id=\"cee0294\" data-element_type=\"widget\" data-widget_type=\"button.default\">\n\t\t\t\t\t\t\t\t\t\t<a class=\"elementor-button elementor-button-link elementor-size-sm\" href=\"\/prenota\">\n\t\t\t\t\t\t<span class=\"elementor-button-content-wrapper\">\n\t\t\t\t\t\t<span class=\"elementor-button-icon\">\n\t\t\t\t<i aria-hidden=\"true\" class=\"recrutie-icon- recrutie-icon-arrow-up-right-1\"><\/i>\t\t\t<\/span>\n\t\t\t\t\t\t\t\t\t<span class=\"elementor-button-text\">Prenota<\/span>\n\t\t\t\t\t<\/span>\n\t\t\t\t\t<\/a>\n\t\t\t\t\t\t\t\t<\/div>\n\t\t\t\t<\/div>\n\t\t\t\t<\/div>\n\t\t\t\t\t<\/div>\n\t\t\t\t<\/div>\n\t\t<div class=\"elementor-element elementor-element-0dedf8c e-flex e-con-boxed e-con e-parent\" data-id=\"0dedf8c\" data-element_type=\"container\" data-settings=\"{&quot;background_background&quot;:&quot;classic&quot;}\">\n\t\t\t\t\t<div class=\"e-con-inner\">\n\t\t<div class=\"elementor-element elementor-element-0f509f7 e-con-full e-flex e-con e-child\" data-id=\"0f509f7\" data-element_type=\"container\" data-settings=\"{&quot;background_background&quot;:&quot;classic&quot;}\">\n\t\t\t\t<\/div>\n\t\t<div class=\"elementor-element elementor-element-0ecbd61 e-con-full e-flex e-con e-child\" data-id=\"0ecbd61\" data-element_type=\"container\">\n\t\t<div class=\"elementor-element elementor-element-bdaf5f7 e-con-full e-flex e-con e-child\" data-id=\"bdaf5f7\" data-element_type=\"container\">\n\t\t\t\t<div class=\"elementor-element elementor-element-9bd9e25 elementor-widget elementor-widget-heading\" data-id=\"9bd9e25\" data-element_type=\"widget\" data-widget_type=\"heading.default\">\n\t\t\t\t\t<h2 class=\"elementor-heading-title elementor-size-default\">Cattedrale sotteranea<\/h2>\t\t\t\t<\/div>\n\t\t\t\t<div class=\"elementor-element elementor-element-b73ffb2 elementor-widget elementor-widget-text-editor\" data-id=\"b73ffb2\" data-element_type=\"widget\" data-widget_type=\"text-editor.default\">\n\t\t\t\t\t\t\t\t\t<p>Lo abbiamo chiamato <strong>\u201cSpend a day with us\u201d<\/strong> e pu\u00f2 essere prenotato dal marted\u00ec alla domenica, si svolge nelle cantine di Canelli , Castagnole delle Lanze e Santo Stefano Belbo.<\/p><p>Per il pranzo:<\/p><ul><li>In mattinata visiteremo Contratto, durante il tour spiegheranno il metodo di produzione dei vini e percorrerete insieme le gallerie che, dal 2014, fanno parte del Patrimonio Unesco delle Cattedrali Sotterranee del Vino; il tour sar\u00e0 seguito dalla degustazione di spumanti Metodo Classico, tutti millesimati.<\/li><li>Dopodich\u00e8, si raggiungera\u2019 in autonomia il Ape Wine Bar a Santo Stefano Belbo che sar\u00e0 lieto di accogliervi per un pranzo in cui territorio e sperimentazione si incontreranno piacevolmente, ovviamente accompagnati dai vini Contratto.<\/li><li>Nel pomeriggio raggiungeremo in autonomia Castagnole delle Lanze per la visita a La Spinetta, in modo da concludere in bellezza la vostra giornata: assaggerete i grandi vini del Piemonte nella splendida cornice della barricaia e delle colline di Langa<\/li><\/ul><h6>Prezzi a partire da 40<strong>\u20ac<\/strong><\/h6>\t\t\t\t\t\t\t\t<\/div>\n\t\t\t\t<div class=\"elementor-element elementor-element-71251cb elementor-button-default elementor-widget elementor-widget-button\" data-id=\"71251cb\" data-element_type=\"widget\" data-widget_type=\"button.default\">\n\t\t\t\t\t\t\t\t\t\t<a class=\"elementor-button elementor-button-link elementor-size-sm\" href=\"\/prenota\">\n\t\t\t\t\t\t<span class=\"elementor-button-content-wrapper\">\n\t\t\t\t\t\t<span class=\"elementor-button-icon\">\n\t\t\t\t<i aria-hidden=\"true\" class=\"recrutie-icon- recrutie-icon-arrow-up-right-1\"><\/i>\t\t\t<\/span>\n\t\t\t\t\t\t\t\t\t<span class=\"elementor-button-text\">Prenota<\/span>\n\t\t\t\t\t<\/span>\n\t\t\t\t\t<\/a>\n\t\t\t\t\t\t\t\t<\/div>\n\t\t\t\t<\/div>\n\t\t\t\t<\/div>\n\t\t\t\t\t<\/div>\n\t\t\t\t<\/div>\n\t\t<div class=\"elementor-element elementor-element-16be3b8 e-flex e-con-boxed e-con e-parent\" data-id=\"16be3b8\" data-element_type=\"container\" data-settings=\"{&quot;background_background&quot;:&quot;classic&quot;}\">\n\t\t\t\t\t<div class=\"e-con-inner\">\n\t\t<div class=\"elementor-element elementor-element-6f72af4 e-con-full e-flex e-con e-child\" data-id=\"6f72af4\" data-element_type=\"container\" data-settings=\"{&quot;background_background&quot;:&quot;classic&quot;}\">\n\t\t\t\t<\/div>\n\t\t<div class=\"elementor-element elementor-element-20eb92b e-con-full e-flex e-con e-child\" data-id=\"20eb92b\" data-element_type=\"container\">\n\t\t<div class=\"elementor-element elementor-element-fb999d6 e-con-full e-flex e-con e-child\" data-id=\"fb999d6\" data-element_type=\"container\">\n\t\t\t\t<div class=\"elementor-element elementor-element-7c9cfb4 elementor-widget elementor-widget-heading\" data-id=\"7c9cfb4\" data-element_type=\"widget\" data-widget_type=\"heading.default\">\n\t\t\t\t\t<h2 class=\"elementor-heading-title elementor-size-default\">Archery<\/h2>\t\t\t\t<\/div>\n\t\t\t\t<div class=\"elementor-element elementor-element-84ff0a0 elementor-widget elementor-widget-text-editor\" data-id=\"84ff0a0\" data-element_type=\"widget\" data-widget_type=\"text-editor.default\">\n\t\t\t\t\t\t\t\t\t<p>In esclusiva, solo in Monferrato, verrete accompagnati ed istruiti da Giulia Barbaro campionessa del mondo di tiro \u201cnaturale\u201d attraverso un percorso in mezzo al parco di propriet\u00e0 a tu per tu con sagome di animali a grandezza naturale.<\/p><p>Accoglienza giornata tipo:<\/p><ul><li><strong>Coffee time:<\/strong> dolce\/salato (focaccia, crostata, dolci tipici locali) caff\u00e8 e succo di frutta<\/li><li><strong>Light lunch:<\/strong> degustazione prodotti tipici locali (es. filetto baciato, salame al tartufo, formaggette della zona ecc.), piatto caldo (generalmente un primo tipo ravioli \u201cplin\u201d, tagliolini con sughi \u201chome made\u201d) , coperto acqua e vino (dolcetto, barbera doc locali). A fine esperienza possibilit\u00e0 di rilassarsi a bordo del laghetto naturale situato al centro della propriet\u00e0 per ammirare un tramonto mozzafiato.<\/li><\/ul><h6>Prezzi a partire da 120<strong>\u20ac<\/strong><\/h6>\t\t\t\t\t\t\t\t<\/div>\n\t\t\t\t<div class=\"elementor-element elementor-element-b998cc8 elementor-button-default elementor-widget elementor-widget-button\" data-id=\"b998cc8\" data-element_type=\"widget\" data-widget_type=\"button.default\">\n\t\t\t\t\t\t\t\t\t\t<a class=\"elementor-button elementor-button-link elementor-size-sm\" href=\"\/prenota\">\n\t\t\t\t\t\t<span class=\"elementor-button-content-wrapper\">\n\t\t\t\t\t\t<span class=\"elementor-button-icon\">\n\t\t\t\t<i aria-hidden=\"true\" class=\"recrutie-icon- recrutie-icon-arrow-up-right-1\"><\/i>\t\t\t<\/span>\n\t\t\t\t\t\t\t\t\t<span class=\"elementor-button-text\">Prenota<\/span>\n\t\t\t\t\t<\/span>\n\t\t\t\t\t<\/a>\n\t\t\t\t\t\t\t\t<\/div>\n\t\t\t\t<\/div>\n\t\t\t\t<\/div>\n\t\t\t\t\t<\/div>\n\t\t\t\t<\/div>\n\t\t<div class=\"elementor-element elementor-element-d9b84a2 e-flex e-con-boxed e-con e-parent\" data-id=\"d9b84a2\" data-element_type=\"container\" data-settings=\"{&quot;background_background&quot;:&quot;classic&quot;}\">\n\t\t\t\t\t<div class=\"e-con-inner\">\n\t\t<div class=\"elementor-element elementor-element-829c4d9 e-con-full e-flex e-con e-child\" data-id=\"829c4d9\" data-element_type=\"container\" data-settings=\"{&quot;background_background&quot;:&quot;classic&quot;}\">\n\t\t\t\t<\/div>\n\t\t<div class=\"elementor-element elementor-element-02af3eb e-con-full e-flex e-con e-child\" data-id=\"02af3eb\" data-element_type=\"container\">\n\t\t<div class=\"elementor-element elementor-element-bee39c7 e-con-full e-flex e-con e-child\" data-id=\"bee39c7\" data-element_type=\"container\">\n\t\t\t\t<div class=\"elementor-element elementor-element-0e9bc56 elementor-widget elementor-widget-heading\" data-id=\"0e9bc56\" data-element_type=\"widget\" data-widget_type=\"heading.default\">\n\t\t\t\t\t<h2 class=\"elementor-heading-title elementor-size-default\">Quad experience<\/h2>\t\t\t\t<\/div>\n\t\t\t\t<div class=\"elementor-element elementor-element-f4dd668 elementor-widget elementor-widget-text-editor\" data-id=\"f4dd668\" data-element_type=\"widget\" data-widget_type=\"text-editor.default\">\n\t\t\t\t\t\t\t\t\t<p>Presa e rilascio Vignale Monferrato: I percorsi sono in un raggio di circa 50 km intorno a Vignale Monferrato, andando a toccare vari paesi limitrofi tra cui Cuccaro, Lu, Conzano, Camagna, Altavilla, Viarigi, Fubine, Montemagno, Ottiglio, Frassinello e molti altri. Le strade percorse sono prevalentemente sterrate, immerse tra vigneti ,boschi, prati, noccioleti, e frutteti.<\/p><p><strong>Da venerdi a domenica con i seguenti slot:<\/strong> 10,30 &#8211; 14,30 &#8211; 16,30 &#8211; 18,30 (pacchetto tramonto durata 2 ore)<\/p><p>\u200bPacchetto tramonto in quad: l\u2019attivit\u00e0 \u00e8 adatta a tutti (percorso totalmente sterrato). L\u2019escursione dura complessivamente 120 minuti, compreso briefing iniziale e pi\u00f9 soste durante il giro per vedere e fotografare i magnifici paesaggi del Monferrato con i colori del tramonto ed eventualmente fare il cambio guidatore dove necessita. Durante il viaggio \u00e8 prevista anche una sosta aperitivo.<\/p><h6>Prezzi a partire da 120<strong>\u20ac<\/strong><\/h6>\t\t\t\t\t\t\t\t<\/div>\n\t\t\t\t<div class=\"elementor-element elementor-element-ba01908 elementor-button-default elementor-widget elementor-widget-button\" data-id=\"ba01908\" data-element_type=\"widget\" data-widget_type=\"button.default\">\n\t\t\t\t\t\t\t\t\t\t<a class=\"elementor-button elementor-button-link elementor-size-sm\" href=\"\/prenota\">\n\t\t\t\t\t\t<span class=\"elementor-button-content-wrapper\">\n\t\t\t\t\t\t<span class=\"elementor-button-icon\">\n\t\t\t\t<i aria-hidden=\"true\" class=\"recrutie-icon- recrutie-icon-arrow-up-right-1\"><\/i>\t\t\t<\/span>\n\t\t\t\t\t\t\t\t\t<span class=\"elementor-button-text\">Prenota<\/span>\n\t\t\t\t\t<\/span>\n\t\t\t\t\t<\/a>\n\t\t\t\t\t\t\t\t<\/div>\n\t\t\t\t<\/div>\n\t\t\t\t<\/div>\n\t\t\t\t\t<\/div>\n\t\t\t\t<\/div>\n\t\t<div class=\"elementor-element elementor-element-bb2f995 e-flex e-con-boxed e-con e-parent\" data-id=\"bb2f995\" data-element_type=\"container\" data-settings=\"{&quot;background_background&quot;:&quot;classic&quot;}\">\n\t\t\t\t\t<div class=\"e-con-inner\">\n\t\t<div class=\"elementor-element elementor-element-8ba12a1 e-con-full e-flex e-con e-child\" data-id=\"8ba12a1\" data-element_type=\"container\" data-settings=\"{&quot;background_background&quot;:&quot;classic&quot;}\">\n\t\t\t\t<\/div>\n\t\t<div class=\"elementor-element elementor-element-ee24fdb e-con-full e-flex e-con e-child\" data-id=\"ee24fdb\" data-element_type=\"container\">\n\t\t<div class=\"elementor-element elementor-element-29ccb09 e-con-full e-flex e-con e-child\" data-id=\"29ccb09\" data-element_type=\"container\">\n\t\t\t\t<div class=\"elementor-element elementor-element-7ba18d7 elementor-widget elementor-widget-heading\" data-id=\"7ba18d7\" data-element_type=\"widget\" data-widget_type=\"heading.default\">\n\t\t\t\t\t<h2 class=\"elementor-heading-title elementor-size-default\">Lama &amp; Alpaca<\/h2>\t\t\t\t<\/div>\n\t\t\t\t<div class=\"elementor-element elementor-element-de04611 elementor-widget elementor-widget-text-editor\" data-id=\"de04611\" data-element_type=\"widget\" data-widget_type=\"text-editor.default\">\n\t\t\t\t\t\t\t\t\t<p>Esperienza per tutta la famiglia, della durata di una giornata.<\/p><p>Verrete \u201cistruiti\u201d su come si preparano questi simpatici compagni di passeggiata, come si nutrono e come farli passeggiare accanto a voi attraverso boschi e vigneti fino a raggiungere un Castello per una breve pausa e una degustazione di vini locali accompagnati da pizza e focaccia. Al termine foto ricordo.<\/p><h6>Prezzi a partire da 45<strong>\u20ac<\/strong><\/h6>\t\t\t\t\t\t\t\t<\/div>\n\t\t\t\t<div class=\"elementor-element elementor-element-6c99859 elementor-button-default elementor-widget elementor-widget-button\" data-id=\"6c99859\" data-element_type=\"widget\" data-widget_type=\"button.default\">\n\t\t\t\t\t\t\t\t\t\t<a class=\"elementor-button elementor-button-link elementor-size-sm\" href=\"\/prenota\">\n\t\t\t\t\t\t<span class=\"elementor-button-content-wrapper\">\n\t\t\t\t\t\t<span class=\"elementor-button-icon\">\n\t\t\t\t<i aria-hidden=\"true\" class=\"recrutie-icon- recrutie-icon-arrow-up-right-1\"><\/i>\t\t\t<\/span>\n\t\t\t\t\t\t\t\t\t<span class=\"elementor-button-text\">Prenota<\/span>\n\t\t\t\t\t<\/span>\n\t\t\t\t\t<\/a>\n\t\t\t\t\t\t\t\t<\/div>\n\t\t\t\t<\/div>\n\t\t\t\t<\/div>\n\t\t\t\t\t<\/div>\n\t\t\t\t<\/div>\n\t\t<div class=\"elementor-element elementor-element-f6221ff e-flex e-con-boxed e-con e-parent\" data-id=\"f6221ff\" data-element_type=\"container\" data-settings=\"{&quot;background_background&quot;:&quot;classic&quot;}\">\n\t\t\t\t\t<div class=\"e-con-inner\">\n\t\t<div class=\"elementor-element elementor-element-4f6e9e7 e-con-full e-flex e-con e-child\" data-id=\"4f6e9e7\" data-element_type=\"container\" data-settings=\"{&quot;background_background&quot;:&quot;classic&quot;}\">\n\t\t\t\t<\/div>\n\t\t<div class=\"elementor-element elementor-element-2ecd952 e-con-full e-flex e-con e-child\" data-id=\"2ecd952\" data-element_type=\"container\">\n\t\t<div class=\"elementor-element elementor-element-3c1438b e-con-full e-flex e-con e-child\" data-id=\"3c1438b\" data-element_type=\"container\">\n\t\t\t\t<div class=\"elementor-element elementor-element-81a2152 elementor-widget elementor-widget-heading\" data-id=\"81a2152\" data-element_type=\"widget\" data-widget_type=\"heading.default\">\n\t\t\t\t\t<h2 class=\"elementor-heading-title elementor-size-default\">Crazy cooking class<\/h2>\t\t\t\t<\/div>\n\t\t\t\t<div class=\"elementor-element elementor-element-f6f29a9 elementor-widget elementor-widget-text-editor\" data-id=\"f6f29a9\" data-element_type=\"widget\" data-widget_type=\"text-editor.default\">\n\t\t\t\t\t\t\t\t\t<p>Non la solita cooking class, ma un laboratorio in cucina con la creazione tradizionale del pane, dei raviolini del plin e del bonet piemontese, il tutto poi consumato presso la tenuta, con vini di produzione propria ed omaggio finale dello Chef, che sar\u00e0 una piacevole sorpresa per tutti!<\/p><p>\u200bVerr\u00e0 consegnato notes per appuntare le ricette ed una bottiglia di vino ogni due partecipanti.<\/p><h6>Prezzi a partire da 65<strong>\u20ac<\/strong><\/h6>\t\t\t\t\t\t\t\t<\/div>\n\t\t\t\t<div class=\"elementor-element elementor-element-6f72363 elementor-button-default elementor-widget elementor-widget-button\" data-id=\"6f72363\" data-element_type=\"widget\" data-widget_type=\"button.default\">\n\t\t\t\t\t\t\t\t\t\t<a class=\"elementor-button elementor-button-link elementor-size-sm\" href=\"\/prenota\">\n\t\t\t\t\t\t<span class=\"elementor-button-content-wrapper\">\n\t\t\t\t\t\t<span class=\"elementor-button-icon\">\n\t\t\t\t<i aria-hidden=\"true\" class=\"recrutie-icon- recrutie-icon-arrow-up-right-1\"><\/i>\t\t\t<\/span>\n\t\t\t\t\t\t\t\t\t<span class=\"elementor-button-text\">Prenota<\/span>\n\t\t\t\t\t<\/span>\n\t\t\t\t\t<\/a>\n\t\t\t\t\t\t\t\t<\/div>\n\t\t\t\t<\/div>\n\t\t\t\t<\/div>\n\t\t\t\t\t<\/div>\n\t\t\t\t<\/div>\n\t\t<div class=\"elementor-element elementor-element-f8054b5 e-flex e-con-boxed e-con e-parent\" data-id=\"f8054b5\" data-element_type=\"container\" data-settings=\"{&quot;background_background&quot;:&quot;classic&quot;}\">\n\t\t\t\t\t<div class=\"e-con-inner\">\n\t\t<div class=\"elementor-element elementor-element-e1ba53a e-con-full e-flex e-con e-child\" data-id=\"e1ba53a\" data-element_type=\"container\" data-settings=\"{&quot;background_background&quot;:&quot;classic&quot;}\">\n\t\t\t\t<\/div>\n\t\t<div class=\"elementor-element elementor-element-6c362ae e-con-full e-flex e-con e-child\" data-id=\"6c362ae\" data-element_type=\"container\">\n\t\t<div class=\"elementor-element elementor-element-63eeb1d e-con-full e-flex e-con e-child\" data-id=\"63eeb1d\" data-element_type=\"container\">\n\t\t\t\t<div class=\"elementor-element elementor-element-4686ca9 elementor-widget elementor-widget-heading\" data-id=\"4686ca9\" data-element_type=\"widget\" data-widget_type=\"heading.default\">\n\t\t\t\t\t<h2 class=\"elementor-heading-title elementor-size-default\">Gin experience  -  salotto urbano<\/h2>\t\t\t\t<\/div>\n\t\t\t\t<div class=\"elementor-element elementor-element-0885925 elementor-widget elementor-widget-text-editor\" data-id=\"0885925\" data-element_type=\"widget\" data-widget_type=\"text-editor.default\">\n\t\t\t\t\t\t\t\t\t<p>Il nostro Mixologist vi preparer\u00e0 all\u2019assaggio di 3 tipologie di Gin contaminate con altrettanti prodotti, tutti rigorosamente del territorio; <strong>inizio esperienza ore 16:00<\/strong>, con la possibilita\u2019 di completare la giornata con una visita ad uno dei tanti castelli medievali della zona, una tappa ad Acqui Terme o a Novi Ligure per la visita di un noto laboratorio del Cioccolato.<\/p><h6>Prezzi a partire da 75<strong>\u20ac<\/strong><\/h6>\t\t\t\t\t\t\t\t<\/div>\n\t\t\t\t<div class=\"elementor-element elementor-element-210dd2d elementor-button-default elementor-widget elementor-widget-button\" data-id=\"210dd2d\" data-element_type=\"widget\" data-widget_type=\"button.default\">\n\t\t\t\t\t\t\t\t\t\t<a class=\"elementor-button elementor-button-link elementor-size-sm\" href=\"\/prenota\">\n\t\t\t\t\t\t<span class=\"elementor-button-content-wrapper\">\n\t\t\t\t\t\t<span class=\"elementor-button-icon\">\n\t\t\t\t<i aria-hidden=\"true\" class=\"recrutie-icon- recrutie-icon-arrow-up-right-1\"><\/i>\t\t\t<\/span>\n\t\t\t\t\t\t\t\t\t<span class=\"elementor-button-text\">Prenota<\/span>\n\t\t\t\t\t<\/span>\n\t\t\t\t\t<\/a>\n\t\t\t\t\t\t\t\t<\/div>\n\t\t\t\t<\/div>\n\t\t\t\t<\/div>\n\t\t\t\t\t<\/div>\n\t\t\t\t<\/div>\n\t\t<div class=\"elementor-element elementor-element-9e73784 e-flex e-con-boxed e-con e-parent\" data-id=\"9e73784\" data-element_type=\"container\" data-settings=\"{&quot;background_background&quot;:&quot;classic&quot;}\">\n\t\t\t\t\t<div class=\"e-con-inner\">\n\t\t<div class=\"elementor-element elementor-element-a998cf5 e-con-full e-flex e-con e-child\" data-id=\"a998cf5\" data-element_type=\"container\" data-settings=\"{&quot;background_background&quot;:&quot;classic&quot;}\">\n\t\t\t\t<\/div>\n\t\t<div class=\"elementor-element elementor-element-f7f2038 e-con-full e-flex e-con e-child\" data-id=\"f7f2038\" data-element_type=\"container\">\n\t\t<div class=\"elementor-element elementor-element-c4b9d13 e-con-full e-flex e-con e-child\" data-id=\"c4b9d13\" data-element_type=\"container\">\n\t\t\t\t<div class=\"elementor-element elementor-element-4fef24f elementor-widget elementor-widget-heading\" data-id=\"4fef24f\" data-element_type=\"widget\" data-widget_type=\"heading.default\">\n\t\t\t\t\t<h2 class=\"elementor-heading-title elementor-size-default\">Giornata al ranch<\/h2>\t\t\t\t<\/div>\n\t\t\t\t<div class=\"elementor-element elementor-element-eee154c elementor-widget elementor-widget-text-editor\" data-id=\"eee154c\" data-element_type=\"widget\" data-widget_type=\"text-editor.default\">\n\t\t\t\t\t\t\t\t\t<p>Per gli amanti della natura, dei cavalli e dei pony, una meravigliosa passeggiata (adatta a tutti) della durata di 1 ora circa (fino a 3 ore per esperti), monta all\u2019americana.<\/p><p>Al termine possibilit\u00e0 di relax a bordo piscina e light lunch composto 3 Antipasti, 1 Primo, 1 Secondo, Dessert (Bevande escluse).<\/p><p>Nel pomeriggio possibilit\u00e0 di utilizzo della piscina compreso nel prezzo.<\/p><h6>Prezzi a partire da 75<strong>\u20ac<\/strong><\/h6>\t\t\t\t\t\t\t\t<\/div>\n\t\t\t\t<div class=\"elementor-element elementor-element-c8a522d elementor-button-default elementor-widget elementor-widget-button\" data-id=\"c8a522d\" data-element_type=\"widget\" data-widget_type=\"button.default\">\n\t\t\t\t\t\t\t\t\t\t<a class=\"elementor-button elementor-button-link elementor-size-sm\" href=\"\/prenota\">\n\t\t\t\t\t\t<span class=\"elementor-button-content-wrapper\">\n\t\t\t\t\t\t<span class=\"elementor-button-icon\">\n\t\t\t\t<i aria-hidden=\"true\" class=\"recrutie-icon- recrutie-icon-arrow-up-right-1\"><\/i>\t\t\t<\/span>\n\t\t\t\t\t\t\t\t\t<span class=\"elementor-button-text\">Prenota<\/span>\n\t\t\t\t\t<\/span>\n\t\t\t\t\t<\/a>\n\t\t\t\t\t\t\t\t<\/div>\n\t\t\t\t<\/div>\n\t\t\t\t<\/div>\n\t\t\t\t\t<\/div>\n\t\t\t\t<\/div>\n\t\t<div class=\"elementor-element elementor-element-0a1f3b9 e-flex e-con-boxed e-con e-parent\" data-id=\"0a1f3b9\" data-element_type=\"container\" data-settings=\"{&quot;background_background&quot;:&quot;classic&quot;}\">\n\t\t\t\t\t<div class=\"e-con-inner\">\n\t\t<div class=\"elementor-element elementor-element-9d3c335 e-con-full e-flex e-con e-child\" data-id=\"9d3c335\" data-element_type=\"container\" data-settings=\"{&quot;background_background&quot;:&quot;classic&quot;}\">\n\t\t\t\t<\/div>\n\t\t<div class=\"elementor-element elementor-element-7e4075d e-con-full e-flex e-con e-child\" data-id=\"7e4075d\" data-element_type=\"container\">\n\t\t<div class=\"elementor-element elementor-element-37caffa e-con-full e-flex e-con e-child\" data-id=\"37caffa\" data-element_type=\"container\">\n\t\t\t\t<div class=\"elementor-element elementor-element-9ce223a elementor-widget elementor-widget-heading\" data-id=\"9ce223a\" data-element_type=\"widget\" data-widget_type=\"heading.default\">\n\t\t\t\t\t<h2 class=\"elementor-heading-title elementor-size-default\">Wine painting<\/h2>\t\t\t\t<\/div>\n\t\t\t\t<div class=\"elementor-element elementor-element-9fdee46 elementor-widget elementor-widget-text-editor\" data-id=\"9fdee46\" data-element_type=\"widget\" data-widget_type=\"text-editor.default\">\n\t\t\t\t\t\t\t\t\t<p>Il vino si trasforma in pittura grazie a questa originale esperienza che sar\u00e0 guidata da Rolando e Natalia due artisti che hanno dato vita al laboratorio \u201cTerra e Cielo\u201d, situato in Ovada, un posto sicuro, dove puoi scoprire ed esprimere chi sei. Uno posto dove l&#8217;arte vive per tutti e in tutti.<\/p><p>Per realizzare questa esperienza si \u00e8 scelta una location a tema: una meravigliosa cantina sotterranea del 1870. Di propriet\u00e0 della famiglia Bistagnino, occupa uno spazio di 700 metri quadrati che si estende tra via Cairoli, via Sligge, il prolungamento di via lung\u2019Orba, pieno centro storico di Ovada. A dominare il locale di ingresso il gigantesco torchio dove venivano conferite le uve da pigiare.<\/p><p><strong>Il ritrovo sar\u00e0 presso la sopra descritta location alle ore 15,30<\/strong> dove ad accogliere i nostri ospiti ci saranno Rolando e Natalia. Si proceder\u00e0 ad analizzare le varie sfumature del vino per dare vita ad una vera e propria opera d\u2019arte.<\/p><p>Al temine della giornata il gestore del locale Om Garden (un grazioso home restaurant and cocktails situato esattamente sopra la cantina) preparer\u00e0 un aperitivo che potr\u00e0 essere consumato o direttamente in cantina o nell\u2019originale giardino che si trova all\u2019ingresso del locale a seconda delle condizioni climatiche.<\/p><h6>Prezzi a partire da 65<strong>\u20ac<\/strong><\/h6>\t\t\t\t\t\t\t\t<\/div>\n\t\t\t\t<div class=\"elementor-element elementor-element-4da7a49 elementor-button-default elementor-widget elementor-widget-button\" data-id=\"4da7a49\" data-element_type=\"widget\" data-widget_type=\"button.default\">\n\t\t\t\t\t\t\t\t\t\t<a class=\"elementor-button elementor-button-link elementor-size-sm\" href=\"\/prenota\">\n\t\t\t\t\t\t<span class=\"elementor-button-content-wrapper\">\n\t\t\t\t\t\t<span class=\"elementor-button-icon\">\n\t\t\t\t<i aria-hidden=\"true\" class=\"recrutie-icon- recrutie-icon-arrow-up-right-1\"><\/i>\t\t\t<\/span>\n\t\t\t\t\t\t\t\t\t<span class=\"elementor-button-text\">Prenota<\/span>\n\t\t\t\t\t<\/span>\n\t\t\t\t\t<\/a>\n\t\t\t\t\t\t\t\t<\/div>\n\t\t\t\t<\/div>\n\t\t\t\t<\/div>\n\t\t\t\t\t<\/div>\n\t\t\t\t<\/div>\n\t\t<div class=\"elementor-element elementor-element-052a337 e-flex e-con-boxed e-con e-parent\" data-id=\"052a337\" data-element_type=\"container\" data-settings=\"{&quot;background_background&quot;:&quot;classic&quot;}\">\n\t\t\t\t\t<div class=\"e-con-inner\">\n\t\t<div class=\"elementor-element elementor-element-4b7ea9b e-con-full e-flex e-con e-child\" data-id=\"4b7ea9b\" data-element_type=\"container\" data-settings=\"{&quot;background_background&quot;:&quot;classic&quot;}\">\n\t\t\t\t<\/div>\n\t\t<div class=\"elementor-element elementor-element-8dd4758 e-con-full e-flex e-con e-child\" data-id=\"8dd4758\" data-element_type=\"container\">\n\t\t<div class=\"elementor-element elementor-element-be4a62f e-con-full e-flex e-con e-child\" data-id=\"be4a62f\" data-element_type=\"container\">\n\t\t\t\t<div class=\"elementor-element elementor-element-7d82f29 elementor-widget elementor-widget-heading\" data-id=\"7d82f29\" data-element_type=\"widget\" data-widget_type=\"heading.default\">\n\t\t\t\t\t<h2 class=\"elementor-heading-title elementor-size-default\">Nemo's garden<\/h2>\t\t\t\t<\/div>\n\t\t\t\t<div class=\"elementor-element elementor-element-21156bc elementor-widget elementor-widget-text-editor\" data-id=\"21156bc\" data-element_type=\"widget\" data-widget_type=\"text-editor.default\">\n\t\t\t\t\t\t\t\t\t<p>Nemo&#8217;s Garden \u00e8 una coltivazione subacquea, un progetto nato per affrontare le principali problematiche globali, quali: il cambiamento climatico, l&#8217;inquinamento, la malnutrizione e la fame.<\/p><p>Funziona attivamente ed \u00e8 aperto ai visitatori da fine giugno a fine settembre.<\/p><p>L&#8217;orto si trova a Noli, in Italia, e consiste in un&#8217;installazione subacquea di diverse biosfere in vinil-plastica contenenti vari tipi di erbe, verdure e fiori che vengono testate e osservate per questo modo alternativo e sostenibile di fare giardinaggio.<\/p><p>Questa esperienza, vi permetter\u00e0 di fare snorkeling accompagnati da una guida per conoscere Nemo\u2019s Garden, un\u2019installazione unica al mondo alla portata di tutti.<\/p><h6>Prezzi a partire da 40<strong>\u20ac<\/strong><\/h6>\t\t\t\t\t\t\t\t<\/div>\n\t\t\t\t<div class=\"elementor-element elementor-element-02dafab elementor-button-default elementor-widget elementor-widget-button\" data-id=\"02dafab\" data-element_type=\"widget\" data-widget_type=\"button.default\">\n\t\t\t\t\t\t\t\t\t\t<a class=\"elementor-button elementor-button-link elementor-size-sm\" href=\"\/prenota\">\n\t\t\t\t\t\t<span class=\"elementor-button-content-wrapper\">\n\t\t\t\t\t\t<span class=\"elementor-button-icon\">\n\t\t\t\t<i aria-hidden=\"true\" class=\"recrutie-icon- recrutie-icon-arrow-up-right-1\"><\/i>\t\t\t<\/span>\n\t\t\t\t\t\t\t\t\t<span class=\"elementor-button-text\">Prenota<\/span>\n\t\t\t\t\t<\/span>\n\t\t\t\t\t<\/a>\n\t\t\t\t\t\t\t\t<\/div>\n\t\t\t\t<\/div>\n\t\t\t\t<\/div>\n\t\t\t\t\t<\/div>\n\t\t\t\t<\/div>\n\t\t<div class=\"elementor-element elementor-element-b04dc5b e-flex e-con-boxed e-con e-parent\" data-id=\"b04dc5b\" data-element_type=\"container\" data-settings=\"{&quot;background_background&quot;:&quot;classic&quot;}\">\n\t\t\t\t\t<div class=\"e-con-inner\">\n\t\t<div class=\"elementor-element elementor-element-527facf e-con-full e-flex e-con e-child\" data-id=\"527facf\" data-element_type=\"container\" data-settings=\"{&quot;background_background&quot;:&quot;classic&quot;}\">\n\t\t\t\t<\/div>\n\t\t<div class=\"elementor-element elementor-element-9dd05cf e-con-full e-flex e-con e-child\" data-id=\"9dd05cf\" data-element_type=\"container\">\n\t\t<div class=\"elementor-element elementor-element-0f8bb78 e-con-full e-flex e-con e-child\" data-id=\"0f8bb78\" data-element_type=\"container\">\n\t\t\t\t<div class=\"elementor-element elementor-element-92b3240 elementor-widget elementor-widget-heading\" data-id=\"92b3240\" data-element_type=\"widget\" data-widget_type=\"heading.default\">\n\t\t\t\t\t<h2 class=\"elementor-heading-title elementor-size-default\">Kayak a Bergeggi<\/h2>\t\t\t\t<\/div>\n\t\t\t\t<div class=\"elementor-element elementor-element-7972d1c elementor-widget elementor-widget-text-editor\" data-id=\"7972d1c\" data-element_type=\"widget\" data-widget_type=\"text-editor.default\">\n\t\t\t\t\t\t\t\t\t<div id=\"comp-m2osfof8__item-kicx9s8q\" class=\"Z_l5lU ku3DBC zQ9jDz qvSjx3 Vq6kJx comp-m2osfof8 wixui-rich-text\" data-testid=\"richTextElement\"><p class=\"font_8 wixui-rich-text__text\"><strong>Itinerario:<\/strong><\/p><\/div><div id=\"comp-m2osfofc__item-kicx9s8q\" class=\"Z_l5lU ku3DBC zQ9jDz qvSjx3 Vq6kJx comp-m2osfofc wixui-rich-text\" data-testid=\"richTextElement\"><ul><li class=\"font_8 wixui-rich-text__text\"><span class=\"wixui-rich-text__text\">Partenza da Spotorno:\u00a0<\/span><span class=\"wixui-rich-text__text\">Incontro con la Guida Ambientale Escursionistica e l\u2019accompagnatore, tecnico <\/span><span class=\"wixui-rich-text__text\">kayak.<\/span><\/li><li class=\"font_8 wixui-rich-text__text\"><span class=\"wixui-rich-text__text\">Briefing da parte del tecnico kayak sulle misure di sicurezza da <\/span><span class=\"wixui-rich-text__text\">adottare in mare e sulla tecnica della pagaiata e dell\u2019utilizzo dei kayak. Breve\u00a0<\/span><span class=\"wixui-rich-text__text\">introduzione sull\u2019itinerario.<\/span><\/li><li class=\"font_8 wixui-rich-text__text\"><span class=\"wixui-rich-text__text\">Navigazione verso l\u2019Isola di Bergeggi: esplorazione delle acque cristalline e <\/span><span class=\"wixui-rich-text__text\">dei paesaggi marini circostanti, narrazione da parte della Guida sugli aspetti\u00a0<\/span><span class=\"wixui-rich-text__text\">naturalistici e storici del territorio.<\/span><\/li><li class=\"font_8 wixui-rich-text__text\"><span class=\"wixui-rich-text__text\">All\u2019Isola sosta per un bagno rinfrescante e sessione di snorkeling per scoprire\u00a0<\/span><span class=\"wixui-rich-text__text\">la ricchezza di biodiversit\u00e0 dei suoi fondali.<\/span><\/li><li class=\"font_8 wixui-rich-text__text\"><span class=\"wixui-rich-text__text\">Si riparte in canoa pagaiando lungo le imponenti falesie di Bergeggi: <\/span><span class=\"wixui-rich-text__text\">esplorazione delle affascinanti grotte naturali.<\/span><\/li><li class=\"font_8 wixui-rich-text__text\"><span class=\"wixui-rich-text__text\">Giro dell\u2019Isola e rientro in spiaggia a Spotorno.<\/span><\/li><li class=\"font_8 wixui-rich-text__text\"><span class=\"wixui-rich-text__text\">Aperitivo e food experience in un incantevole e rilassante ambiente nell\u2019ora <\/span><span class=\"wixui-rich-text__text\">del tramonto.<\/span><\/li><\/ul><p class=\"font_8 wixui-rich-text__text\"><strong><span class=\"wixui-rich-text__text\">Durata dell\u2019intera esperienza: <\/span><\/strong><span class=\"wixui-rich-text__text\">Circa 4\u00bd ore, dal pomeriggio fino al tramonto.<\/span><\/p><p class=\"font_8 wixui-rich-text__text\"><strong><span class=\"wixui-rich-text__text\">Numero partecipanti: <\/span><\/strong><span class=\"wixui-rich-text__text\">min 10 &#8211; Max 16<\/span><\/p><\/div><h6>Prezzi a partire da 100<strong>\u20ac<\/strong><\/h6>\t\t\t\t\t\t\t\t<\/div>\n\t\t\t\t<div class=\"elementor-element elementor-element-4743dd5 elementor-button-default elementor-widget elementor-widget-button\" data-id=\"4743dd5\" data-element_type=\"widget\" data-widget_type=\"button.default\">\n\t\t\t\t\t\t\t\t\t\t<a class=\"elementor-button elementor-button-link elementor-size-sm\" href=\"\/prenota\">\n\t\t\t\t\t\t<span class=\"elementor-button-content-wrapper\">\n\t\t\t\t\t\t<span class=\"elementor-button-icon\">\n\t\t\t\t<i aria-hidden=\"true\" class=\"recrutie-icon- recrutie-icon-arrow-up-right-1\"><\/i>\t\t\t<\/span>\n\t\t\t\t\t\t\t\t\t<span class=\"elementor-button-text\">Prenota<\/span>\n\t\t\t\t\t<\/span>\n\t\t\t\t\t<\/a>\n\t\t\t\t\t\t\t\t<\/div>\n\t\t\t\t<\/div>\n\t\t\t\t<\/div>\n\t\t\t\t\t<\/div>\n\t\t\t\t<\/div>\n\t\t<div class=\"elementor-element elementor-element-1894beb e-flex e-con-boxed e-con e-parent\" data-id=\"1894beb\" data-element_type=\"container\" data-settings=\"{&quot;background_background&quot;:&quot;classic&quot;}\">\n\t\t\t\t\t<div class=\"e-con-inner\">\n\t\t<div class=\"elementor-element elementor-element-77802c5 e-con-full e-flex e-con e-child\" data-id=\"77802c5\" data-element_type=\"container\" data-settings=\"{&quot;background_background&quot;:&quot;classic&quot;}\">\n\t\t\t\t<\/div>\n\t\t<div class=\"elementor-element elementor-element-236e0ad e-con-full e-flex e-con e-child\" data-id=\"236e0ad\" data-element_type=\"container\">\n\t\t<div class=\"elementor-element elementor-element-ce32513 e-con-full e-flex e-con e-child\" data-id=\"ce32513\" data-element_type=\"container\">\n\t\t\t\t<div class=\"elementor-element elementor-element-3132a7b elementor-widget elementor-widget-heading\" data-id=\"3132a7b\" data-element_type=\"widget\" data-widget_type=\"heading.default\">\n\t\t\t\t\t<h2 class=\"elementor-heading-title elementor-size-default\">Kayak a Noli<\/h2>\t\t\t\t<\/div>\n\t\t\t\t<div class=\"elementor-element elementor-element-ad1ecaa elementor-widget elementor-widget-text-editor\" data-id=\"ad1ecaa\" data-element_type=\"widget\" data-widget_type=\"text-editor.default\">\n\t\t\t\t\t\t\t\t\t<p>Itinerario:<\/p><p>Partenza da Noli<\/p><ul><li>Incontro con la Guida Ambientale Escursionistica e l\u2019accompagnatore, tecnico kayak<\/li><li>briefing da parte del tecnico kayak sulle misure di sicurezza da adottare in mare e sulla tecnica della pagaiata e dell\u2019utilizzo dei kayak. Breve introduzione sull\u2019itinerario.<\/li><li>Navigazione nel Golfo di Noli: esplorazione delle acque cristalline e dei paesaggi marini circostanti, con narrazione da parte della Guida degli aspetti naturalistici e storici del territorio.<\/li><li>Sosta sotto le falesie di Capo Noli e bagno rinfrescante e sessione di snorkeling per scoprire la ricchezza di biodiversit\u00e0 dei suoi fondali.<\/li><li>Si riparte in canoa e pagaiando si raggiunge l\u2019Orto di Nemo.<\/li><li>spiegazione e snorkeling sull\u2019Orto.<\/li><li>Aperitivo e degustazione di prodotti locali in mare al calare del sole.<\/li><li>Rientro in spiaggia a Noli<\/li><\/ul><p class=\"font_8 wixui-rich-text__text\"><strong><span class=\"wixui-rich-text__text\">Durata dell\u2019intera esperienza: <\/span><\/strong><span class=\"wixui-rich-text__text\">Circa 4\u00bd ore, dal pomeriggio fino al tramonto.<\/span><\/p><p class=\"font_8 wixui-rich-text__text\"><strong><span class=\"wixui-rich-text__text\">Numero partecipanti: <\/span><\/strong><span class=\"wixui-rich-text__text\">min 3 &#8211; Max 7<\/span><\/p><h6>Prezzi a partire da 115<strong>\u20ac<\/strong><\/h6>\t\t\t\t\t\t\t\t<\/div>\n\t\t\t\t<div class=\"elementor-element elementor-element-2542fb7 elementor-button-default elementor-widget elementor-widget-button\" data-id=\"2542fb7\" data-element_type=\"widget\" data-widget_type=\"button.default\">\n\t\t\t\t\t\t\t\t\t\t<a class=\"elementor-button elementor-button-link elementor-size-sm\" href=\"\/prenota\">\n\t\t\t\t\t\t<span class=\"elementor-button-content-wrapper\">\n\t\t\t\t\t\t<span class=\"elementor-button-icon\">\n\t\t\t\t<i aria-hidden=\"true\" class=\"recrutie-icon- recrutie-icon-arrow-up-right-1\"><\/i>\t\t\t<\/span>\n\t\t\t\t\t\t\t\t\t<span class=\"elementor-button-text\">Prenota<\/span>\n\t\t\t\t\t<\/span>\n\t\t\t\t\t<\/a>\n\t\t\t\t\t\t\t\t<\/div>\n\t\t\t\t<\/div>\n\t\t\t\t<\/div>\n\t\t\t\t\t<\/div>\n\t\t\t\t<\/div>\n\t\t<div class=\"elementor-element elementor-element-4962e0b e-flex e-con-boxed e-con e-parent\" data-id=\"4962e0b\" data-element_type=\"container\">\n\t\t\t\t\t<div class=\"e-con-inner\">\n\t\t\t\t<div class=\"elementor-element elementor-element-3cf23e1 elementor-widget elementor-widget-heading\" data-id=\"3cf23e1\" data-element_type=\"widget\" data-widget_type=\"heading.default\">\n\t\t\t\t\t<h2 class=\"elementor-heading-title elementor-size-default\">Nordelaia experiences<\/h2>\t\t\t\t<\/div>\n\t\t\t\t\t<\/div>\n\t\t\t\t<\/div>\n\t\t<div class=\"elementor-element elementor-element-81f6787 e-flex e-con-boxed e-con e-parent\" data-id=\"81f6787\" data-element_type=\"container\" data-settings=\"{&quot;background_background&quot;:&quot;classic&quot;}\">\n\t\t\t\t\t<div class=\"e-con-inner\">\n\t\t<div class=\"elementor-element elementor-element-065d4c6 e-con-full e-flex e-con e-child\" data-id=\"065d4c6\" data-element_type=\"container\" data-settings=\"{&quot;background_background&quot;:&quot;classic&quot;}\">\n\t\t\t\t<\/div>\n\t\t<div class=\"elementor-element elementor-element-7e1869f e-con-full e-flex e-con e-child\" data-id=\"7e1869f\" data-element_type=\"container\">\n\t\t<div class=\"elementor-element elementor-element-f63db31 e-con-full e-flex e-con e-child\" data-id=\"f63db31\" data-element_type=\"container\">\n\t\t\t\t<div class=\"elementor-element elementor-element-80286c1 elementor-widget elementor-widget-heading\" data-id=\"80286c1\" data-element_type=\"widget\" data-widget_type=\"heading.default\">\n\t\t\t\t\t<h2 class=\"elementor-heading-title elementor-size-default\">bartending with Nordelaia<\/h2>\t\t\t\t<\/div>\n\t\t\t\t<div class=\"elementor-element elementor-element-5556784 elementor-widget elementor-widget-text-editor\" data-id=\"5556784\" data-element_type=\"widget\" data-widget_type=\"text-editor.default\">\n\t\t\t\t\t\t\t\t\t<p class=\"p2\">I nostri esperti mixology sono lieti di offrirvi corsi di cocktail di alto livello in un ambiente frizzante e dinamico.<\/p><p class=\"p2\">Potrete vivere un&#8217;esperienza incredibile, scoprendo le varie tecniche di miscelazione e imparando a preparare 3 cocktail classici e innovativi, seguiti da una degustazione delle vostre creazioni.<\/p><p class=\"p2\">I nostri mixology sono disponibili a tenere le lezioni, esclusivamente su richiesta anticipata.<\/p><p>La lezione include:<\/p><ul><li class=\"p2\">Breve introduzione al mondo della mixology<\/li><li class=\"p2\">Lezione per circa 3 ricette<\/li><li class=\"p2\">Degustazione dei cocktail fatti<\/li><li class=\"p2\">Omaggio Nordelaia<\/li><\/ul><p>La lezione non include:<\/p><ul><li class=\"p2\">Extra<\/li><li class=\"p2\">Tutto ci\u00f2 che non \u00e8 specificato in &#8220;Il Corso include\u201d<\/li><\/ul><h6>Prezzi a persona: 100<strong>\u20ac<\/strong><\/h6>\t\t\t\t\t\t\t\t<\/div>\n\t\t\t\t<div class=\"elementor-element elementor-element-e986207 elementor-button-default elementor-widget elementor-widget-button\" data-id=\"e986207\" data-element_type=\"widget\" data-widget_type=\"button.default\">\n\t\t\t\t\t\t\t\t\t\t<a class=\"elementor-button elementor-button-link elementor-size-sm\" href=\"\/prenota\">\n\t\t\t\t\t\t<span class=\"elementor-button-content-wrapper\">\n\t\t\t\t\t\t<span class=\"elementor-button-icon\">\n\t\t\t\t<i aria-hidden=\"true\" class=\"recrutie-icon- recrutie-icon-arrow-up-right-1\"><\/i>\t\t\t<\/span>\n\t\t\t\t\t\t\t\t\t<span class=\"elementor-button-text\">Prenota<\/span>\n\t\t\t\t\t<\/span>\n\t\t\t\t\t<\/a>\n\t\t\t\t\t\t\t\t<\/div>\n\t\t\t\t<\/div>\n\t\t\t\t<\/div>\n\t\t\t\t\t<\/div>\n\t\t\t\t<\/div>\n\t\t<div class=\"elementor-element elementor-element-6eaa210 e-flex e-con-boxed e-con e-parent\" data-id=\"6eaa210\" data-element_type=\"container\" data-settings=\"{&quot;background_background&quot;:&quot;classic&quot;}\">\n\t\t\t\t\t<div class=\"e-con-inner\">\n\t\t<div class=\"elementor-element elementor-element-2e19632 e-con-full e-flex e-con e-child\" data-id=\"2e19632\" data-element_type=\"container\" data-settings=\"{&quot;background_background&quot;:&quot;classic&quot;}\">\n\t\t\t\t<\/div>\n\t\t<div class=\"elementor-element elementor-element-aa6827d e-con-full e-flex e-con e-child\" data-id=\"aa6827d\" data-element_type=\"container\">\n\t\t<div class=\"elementor-element elementor-element-a48ff04 e-con-full e-flex e-con e-child\" data-id=\"a48ff04\" data-element_type=\"container\">\n\t\t\t\t<div class=\"elementor-element elementor-element-3b616e6 elementor-widget elementor-widget-heading\" data-id=\"3b616e6\" data-element_type=\"widget\" data-widget_type=\"heading.default\">\n\t\t\t\t\t<h2 class=\"elementor-heading-title elementor-size-default\">Cookung with Nordelaia<\/h2>\t\t\t\t<\/div>\n\t\t\t\t<div class=\"elementor-element elementor-element-fdd180c elementor-widget elementor-widget-text-editor\" data-id=\"fdd180c\" data-element_type=\"widget\" data-widget_type=\"text-editor.default\">\n\t\t\t\t\t\t\t\t\t<p class=\"p1\">I nostri chef sono lieti di offrirvi corsi di cucina di alto livello in un ambiente frizzante e dinamico.<\/p><p class=\"p1\">Potrete vivere un&#8217;esperienza incredibile, scoprendo le varie tecniche di cottura e imparando a preparare 2 ricette tradizionali, seguite da una degustazione dei vostri piatti.<\/p><p class=\"p1\">I nostri chef sono disponibili a tenere le lezioni, esclusivamente su richiesta anticipata.<\/p><p class=\"p1\">Le lezioni possono essere prenotate dal luned\u00ec al venerd\u00ec e iniziano alle 10.00, durano circa 2 ore e potrebbero essere condivise, a seconda delle richieste.<\/p><p class=\"p1\">Il corso include:<\/p><ul><li class=\"p1\">Lezione di cucina per due ricette<\/li><li class=\"p1\">Pranzo composto dalle due portate preparate, acqua e caff\u00e8<\/li><li class=\"p1\">Grembiule<\/li><\/ul><p class=\"p1\">Il corso non include:<\/p><ul><li class=\"p1\">Extra<\/li><li class=\"p1\">Tutto ci\u00f2 che non \u00e8 specificato in &#8220;Il corso include&#8221;<\/li><\/ul><h6>Prezzi a persona: 100<strong>\u20ac<\/strong><\/h6>\t\t\t\t\t\t\t\t<\/div>\n\t\t\t\t<div class=\"elementor-element elementor-element-ffa5207 elementor-button-default elementor-widget elementor-widget-button\" data-id=\"ffa5207\" data-element_type=\"widget\" data-widget_type=\"button.default\">\n\t\t\t\t\t\t\t\t\t\t<a class=\"elementor-button elementor-button-link elementor-size-sm\" href=\"\/prenota\">\n\t\t\t\t\t\t<span class=\"elementor-button-content-wrapper\">\n\t\t\t\t\t\t<span class=\"elementor-button-icon\">\n\t\t\t\t<i aria-hidden=\"true\" class=\"recrutie-icon- recrutie-icon-arrow-up-right-1\"><\/i>\t\t\t<\/span>\n\t\t\t\t\t\t\t\t\t<span class=\"elementor-button-text\">Prenota<\/span>\n\t\t\t\t\t<\/span>\n\t\t\t\t\t<\/a>\n\t\t\t\t\t\t\t\t<\/div>\n\t\t\t\t<\/div>\n\t\t\t\t<\/div>\n\t\t\t\t\t<\/div>\n\t\t\t\t<\/div>\n\t\t<div class=\"elementor-element elementor-element-cdb5afc e-flex e-con-boxed e-con e-parent\" data-id=\"cdb5afc\" data-element_type=\"container\" data-settings=\"{&quot;background_background&quot;:&quot;classic&quot;}\">\n\t\t\t\t\t<div class=\"e-con-inner\">\n\t\t<div class=\"elementor-element elementor-element-31b9324 e-con-full e-flex e-con e-child\" data-id=\"31b9324\" data-element_type=\"container\" data-settings=\"{&quot;background_background&quot;:&quot;classic&quot;}\">\n\t\t\t\t<\/div>\n\t\t<div class=\"elementor-element elementor-element-8fb21ee e-con-full e-flex e-con e-child\" data-id=\"8fb21ee\" data-element_type=\"container\">\n\t\t<div class=\"elementor-element elementor-element-609ad7b e-con-full e-flex e-con e-child\" data-id=\"609ad7b\" data-element_type=\"container\">\n\t\t\t\t<div class=\"elementor-element elementor-element-961308f elementor-widget elementor-widget-heading\" data-id=\"961308f\" data-element_type=\"widget\" data-widget_type=\"heading.default\">\n\t\t\t\t\t<h2 class=\"elementor-heading-title elementor-size-default\">Yoga with Nordelaia<\/h2>\t\t\t\t<\/div>\n\t\t\t\t<div class=\"elementor-element elementor-element-a1415ca elementor-widget elementor-widget-text-editor\" data-id=\"a1415ca\" data-element_type=\"widget\" data-widget_type=\"text-editor.default\">\n\t\t\t\t\t\t\t\t\t<p class=\"p1\">In un luogo dove disconnettersi dallo stress quotidiano ed entrare a contatto con s\u00e9 stessi\u00a0 e la natura sono un mantra, troverete il supporto dei nostri collaboratori, che sapranno farvi iniziare la giornata con lo &#8220;spirito&#8221; giusto, sia che siate praticanti esperti che principianti.<\/p><p class=\"p1\"><strong>Durata:<\/strong> 1 ora e mezza circa<\/p><p class=\"p1\"><strong>Location:<\/strong> Sala Yoga \/ Terrazze Nordelaia<\/p><p class=\"p1\"><strong>Stili yoga:<\/strong> Vinyasa, Hatha, Yin<\/p><h6>Prezzi a persona: 50<strong>\u20ac<\/strong><\/h6>\t\t\t\t\t\t\t\t<\/div>\n\t\t\t\t<div class=\"elementor-element elementor-element-d326ddc elementor-button-default elementor-widget elementor-widget-button\" data-id=\"d326ddc\" data-element_type=\"widget\" data-widget_type=\"button.default\">\n\t\t\t\t\t\t\t\t\t\t<a class=\"elementor-button elementor-button-link elementor-size-sm\" href=\"\/prenota\">\n\t\t\t\t\t\t<span class=\"elementor-button-content-wrapper\">\n\t\t\t\t\t\t<span class=\"elementor-button-icon\">\n\t\t\t\t<i aria-hidden=\"true\" class=\"recrutie-icon- recrutie-icon-arrow-up-right-1\"><\/i>\t\t\t<\/span>\n\t\t\t\t\t\t\t\t\t<span class=\"elementor-button-text\">Prenota<\/span>\n\t\t\t\t\t<\/span>\n\t\t\t\t\t<\/a>\n\t\t\t\t\t\t\t\t<\/div>\n\t\t\t\t<\/div>\n\t\t\t\t<\/div>\n\t\t\t\t\t<\/div>\n\t\t\t\t<\/div>\n\t\t<div class=\"elementor-element elementor-element-b34ca8b e-flex e-con-boxed e-con e-parent\" data-id=\"b34ca8b\" data-element_type=\"container\" data-settings=\"{&quot;background_background&quot;:&quot;classic&quot;}\">\n\t\t\t\t\t<div class=\"e-con-inner\">\n\t\t<div class=\"elementor-element elementor-element-d50482a e-con-full e-flex e-con e-child\" data-id=\"d50482a\" data-element_type=\"container\" data-settings=\"{&quot;background_background&quot;:&quot;classic&quot;}\">\n\t\t\t\t<\/div>\n\t\t<div class=\"elementor-element elementor-element-9daeedf e-con-full e-flex e-con e-child\" data-id=\"9daeedf\" data-element_type=\"container\">\n\t\t<div class=\"elementor-element elementor-element-ad8805c e-con-full e-flex e-con e-child\" data-id=\"ad8805c\" data-element_type=\"container\">\n\t\t\t\t<div class=\"elementor-element elementor-element-d13f0bc elementor-widget elementor-widget-heading\" data-id=\"d13f0bc\" data-element_type=\"widget\" data-widget_type=\"heading.default\">\n\t\t\t\t\t<h2 class=\"elementor-heading-title elementor-size-default\">wine testing with Nordelaia<\/h2>\t\t\t\t<\/div>\n\t\t\t\t<div class=\"elementor-element elementor-element-96597dd elementor-widget elementor-widget-text-editor\" data-id=\"96597dd\" data-element_type=\"widget\" data-widget_type=\"text-editor.default\">\n\t\t\t\t\t\t\t\t\t<p class=\"p1\">Il vino \u00e8 una parte meravigliosa dell&#8217;esperienza di Nordelaia.<\/p><p class=\"p1\">La nostra etichetta N O R D I mette in mostra i vitigni tradizionali della regione, attraverso vini rossi come la Barbera del Monferrato, l&#8217;Ovada ed il Monferrato Rosso, il Rosato, perfettamente equilibrato, il floreale Gavi ed nostro profumato e delizioso Metodo Classico.<\/p><p class=\"p1\">Possiamo organizzare una degustazione nel comfort di Nordelaia, nell&#8217;elegante area Lounge Bar, dove il Sommelier vi racconter\u00e0 la storia e vi far\u00e0 assaggiare la nostra produzione di vini.<\/p><p class=\"p1\">La degustazione, della durata di circa 1 ora, sar\u00e0 accompagnata da una piccola selezione di salumi e prodotti da forno ed \u00e8 disponibile tutti i giorni previa prenotazione alle ore 11:00, oppure nel pomeriggio dalle 15:30 alle 17:30.<\/p><h6>Prezzi a persona:<\/h6><ul><li class=\"p1\">3 vini (a scelta tra Metodo Classico Brut, Gavi, Ovada, Monferrato Rosso, Barbera del Monferrato o Rosato)<h6><b>\u20ac 40<\/b><\/h6><\/li><li class=\"p1\">4 vini (a scelta tra Metodo Classico Brut, Gavi, Ovada, Monferrato Rosso, Barbera del Monferrato o Rosato)<h6><b> \u20ac 50<\/b><\/h6><\/li><\/ul>\t\t\t\t\t\t\t\t<\/div>\n\t\t\t\t<div class=\"elementor-element elementor-element-4a026c1 elementor-button-default elementor-widget elementor-widget-button\" data-id=\"4a026c1\" data-element_type=\"widget\" data-widget_type=\"button.default\">\n\t\t\t\t\t\t\t\t\t\t<a class=\"elementor-button elementor-button-link elementor-size-sm\" href=\"\/prenota\">\n\t\t\t\t\t\t<span class=\"elementor-button-content-wrapper\">\n\t\t\t\t\t\t<span class=\"elementor-button-icon\">\n\t\t\t\t<i aria-hidden=\"true\" class=\"recrutie-icon- recrutie-icon-arrow-up-right-1\"><\/i>\t\t\t<\/span>\n\t\t\t\t\t\t\t\t\t<span class=\"elementor-button-text\">Prenota<\/span>\n\t\t\t\t\t<\/span>\n\t\t\t\t\t<\/a>\n\t\t\t\t\t\t\t\t<\/div>\n\t\t\t\t<\/div>\n\t\t\t\t<\/div>\n\t\t\t\t\t<\/div>\n\t\t\t\t<\/div>\n\t\t\t\t<\/div>\n\t\t","protected":false},"excerpt":{"rendered":"<p>Le nostre Esperienze scelte per voi https:\/\/www.youtube.com\/watch?v=Jejl47uM_-Y In evidenza Ovada city of Shadow Prenota Maneggio C\/o struttura sita a 40 min di distanza dalle strutture. Possibilita&#8217; di raggiungere il maneggio con mezzi propri o attraverso i servizi di trasferimento (vedi prima).\u200b Messa in sella, monta weestern, passeggiate trekking per adulti e bambini. \u200bDurata: 1h, full [&hellip;]<\/p>\n","protected":false},"author":1,"featured_media":0,"parent":0,"menu_order":0,"comment_status":"closed","ping_status":"closed","template":"elementor_header_footer","meta":{"footnotes":""},"class_list":["post-2581","page","type-page","status-publish","hentry"],"_links":{"self":[{"href":"https:\/\/www.fancyfestival.com\/travelconsulting\/wp-json\/wp\/v2\/pages\/2581","targetHints":{"allow":["GET"]}}],"collection":[{"href":"https:\/\/www.fancyfestival.com\/travelconsulting\/wp-json\/wp\/v2\/pages"}],"about":[{"href":"https:\/\/www.fancyfestival.com\/travelconsulting\/wp-json\/wp\/v2\/types\/page"}],"author":[{"embeddable":true,"href":"https:\/\/www.fancyfestival.com\/travelconsulting\/wp-json\/wp\/v2\/users\/1"}],"replies":[{"embeddable":true,"href":"https:\/\/www.fancyfestival.com\/travelconsulting\/wp-json\/wp\/v2\/comments?post=2581"}],"version-history":[{"count":26,"href":"https:\/\/www.fancyfestival.com\/travelconsulting\/wp-json\/wp\/v2\/pages\/2581\/revisions"}],"predecessor-version":[{"id":2846,"href":"https:\/\/www.fancyfestival.com\/travelconsulting\/wp-json\/wp\/v2\/pages\/2581\/revisions\/2846"}],"wp:attachment":[{"href":"https:\/\/www.fancyfestival.com\/travelconsulting\/wp-json\/wp\/v2\/media?parent=2581"}],"curies":[{"name":"wp","href":"https:\/\/api.w.org\/{rel}","templated":true}]}}